{"version":"1.0","provider_name":"DOMBERT Rechtsanw\u00e4lte","provider_url":"https:\/\/dombert.de\/en","author_name":"Jasmin M\u00fcller","author_url":"https:\/\/dombert.de\/en\/author\/jasmin_kufo\/","title":"Stabwechsel in der Gesch\u00e4ftsf\u00fchrung bei DOMBERT Rechtsanw\u00e4lte - DOMBERT Rechtsanw\u00e4lte","type":"rich","width":600,"height":338,"html":"<blockquote class=\"wp-embedded-content\" data-secret=\"iuFfWt7446\"><a href=\"https:\/\/dombert.de\/en\/stabwechsel-in-der-geschaeftsfuehrung-bei-dombert-rechtsanwaelte\/\">Change of management at DOMBERT Rechtsanw\u00e4lte<\/a><\/blockquote><iframe sandbox=\"allow-scripts\" security=\"restricted\" src=\"https:\/\/dombert.de\/en\/stabwechsel-in-der-geschaeftsfuehrung-bei-dombert-rechtsanwaelte\/embed\/#?secret=iuFfWt7446\" width=\"600\" height=\"338\" title=\"\u201cChange of baton in the management team at DOMBERT Rechtsanw\u00e4lte\u201d - DOMBERT Rechtsanw\u00e4lte\" data-secret=\"iuFfWt7446\" frameborder=\"0\" marginwidth=\"0\" marginheight=\"0\" scrolling=\"no\" class=\"wp-embedded-content\"><\/iframe><script>\n\/*! This file is auto-generated *\/\n!function(d,l){\"use strict\";l.querySelector&&d.addEventListener&&\"undefined\"!=typeof URL&&(d.wp=d.wp||{},d.wp.receiveEmbedMessage||(d.wp.receiveEmbedMessage=function(e){var t=e.data;if((t||t.secret||t.message||t.value)&&!\/[^a-zA-Z0-9]\/.test(t.secret)){for(var s,r,n,a=l.querySelectorAll('iframe[data-secret=\"'+t.secret+'\"]'),o=l.querySelectorAll('blockquote[data-secret=\"'+t.secret+'\"]'),c=new RegExp(\"^https?:$\",\"i\"),i=0;i<o.length;i++)o[i].style.display=\"none\";for(i=0;i<a.length;i++)s=a[i],e.source===s.contentWindow&&(s.removeAttribute(\"style\"),\"height\"===t.message?(1e3<(r=parseInt(t.value,10))?r=1e3:~~r<200&&(r=200),s.height=r):\"link\"===t.message&&(r=new URL(s.getAttribute(\"src\")),n=new URL(t.value),c.test(n.protocol))&&n.host===r.host&&l.activeElement===s&&(d.top.location.href=t.value))}},d.addEventListener(\"message\",d.wp.receiveEmbedMessage,!1),l.addEventListener(\"DOMContentLoaded\",function(){for(var e,t,s=l.querySelectorAll(\"iframe.wp-embedded-content\"),r=0;r<s.length;r++)(t=(e=s[r]).getAttribute(\"data-secret\"))||(t=Math.random().toString(36).substring(2,12),e.src+=\"#?secret=\"+t,e.setAttribute(\"data-secret\",t)),e.contentWindow.postMessage({message:\"ready\",secret:t},\"*\")},!1)))}(window,document);\n\/\/# sourceURL=https:\/\/dombert.de\/wp-includes\/js\/wp-embed.min.js\n<\/script>","thumbnail_url":"https:\/\/dombert.de\/wp-content\/uploads\/2025\/01\/oeffentliches-recht-neuigkeit-dombert-rechtsanwaelte.jpg","thumbnail_width":380,"thumbnail_height":265,"description":"| Bei DOMBERT Rechtsanw\u00e4lte steht ein Generationswechsel in der Gesch\u00e4ftsf\u00fchrung an: Zum 1. April 2024 \u00fcbernehmen\u00a0Dr. Dominik L\u00fcck\u00a0und\u00a0Dr. Maximilian Dombert\u00a0das Management der Kanzlei. Sie l\u00f6sen damit Gr\u00fcndungspartner Janko Ge\u00dfner und Prof. Dr. Klaus Herrmann sowie Dr. Jan Thiele ab. Mit dem Stabwechsel ist zugleich eine Zentralisierung der Gesch\u00e4ftsf\u00fchrung verbunden, um Entscheidungsprozesse zu verschlanken und zu [&hellip;]"}