{"version":"1.0","provider_name":"DOMBERT Rechtsanw\u00e4lte","provider_url":"https:\/\/dombert.de\/en","author_name":"Admin","author_url":"https:\/\/dombert.de\/en\/author\/admin\/","title":"Mehr Schutz f\u00fcr Politiker - DOMBERT Rechtsanw\u00e4lte","type":"rich","width":600,"height":338,"html":"<blockquote class=\"wp-embedded-content\" data-secret=\"pIyxT3WSm6\"><a href=\"https:\/\/dombert.de\/en\/mehr-schutz-fuer-politiker\/\">More protection for politicians<\/a><\/blockquote><iframe sandbox=\"allow-scripts\" security=\"restricted\" src=\"https:\/\/dombert.de\/en\/mehr-schutz-fuer-politiker\/embed\/#?secret=pIyxT3WSm6\" width=\"600\" height=\"338\" title=\"\u201cMore protection for politicians\u201d - DOMBERT Rechtsanw\u00e4lte\" data-secret=\"pIyxT3WSm6\" frameborder=\"0\" marginwidth=\"0\" marginheight=\"0\" scrolling=\"no\" class=\"wp-embedded-content\"><\/iframe><script>\n\/*! This file is auto-generated *\/\n!function(d,l){\"use strict\";l.querySelector&&d.addEventListener&&\"undefined\"!=typeof URL&&(d.wp=d.wp||{},d.wp.receiveEmbedMessage||(d.wp.receiveEmbedMessage=function(e){var t=e.data;if((t||t.secret||t.message||t.value)&&!\/[^a-zA-Z0-9]\/.test(t.secret)){for(var s,r,n,a=l.querySelectorAll('iframe[data-secret=\"'+t.secret+'\"]'),o=l.querySelectorAll('blockquote[data-secret=\"'+t.secret+'\"]'),c=new RegExp(\"^https?:$\",\"i\"),i=0;i<o.length;i++)o[i].style.display=\"none\";for(i=0;i<a.length;i++)s=a[i],e.source===s.contentWindow&&(s.removeAttribute(\"style\"),\"height\"===t.message?(1e3<(r=parseInt(t.value,10))?r=1e3:~~r<200&&(r=200),s.height=r):\"link\"===t.message&&(r=new URL(s.getAttribute(\"src\")),n=new URL(t.value),c.test(n.protocol))&&n.host===r.host&&l.activeElement===s&&(d.top.location.href=t.value))}},d.addEventListener(\"message\",d.wp.receiveEmbedMessage,!1),l.addEventListener(\"DOMContentLoaded\",function(){for(var e,t,s=l.querySelectorAll(\"iframe.wp-embedded-content\"),r=0;r<s.length;r++)(t=(e=s[r]).getAttribute(\"data-secret\"))||(t=Math.random().toString(36).substring(2,12),e.src+=\"#?secret=\"+t,e.setAttribute(\"data-secret\",t)),e.contentWindow.postMessage({message:\"ready\",secret:t},\"*\")},!1)))}(window,document);\n\/\/# sourceURL=https:\/\/dombert.de\/wp-includes\/js\/wp-embed.min.js\n<\/script>","thumbnail_url":"https:\/\/dombert.de\/wp-content\/uploads\/2025\/01\/oeffentliches-recht-neuigkeit-dombert-rechtsanwaelte.jpg","thumbnail_width":380,"thumbnail_height":265,"description":"| Bewerber, die f\u00fcr den Bun\u00addes\u00adtag kan\u00addi\u00addieren, sollen k\u00fcnftig nicht mehr ihre ge\u00adnaue Privatadresse angeben m\u00fcssen. Das sieht eine Verordnung zur \u00c4nderung der Bundeswahlordnung vor. Ziel ist es, die Kandidaten besser vor m\u00f6glichen \u00dcbergriffen zu sch\u00fctzen. Kann ein Bewerber gegen\u00fcber dem Kreiswahlleiter nachweisen, dass f\u00fcr ihn im Melderegister eine Auskunftssperre eingetragen ist, kann er statt [&hellip;]"}