{"id":14106,"date":"2026-06-04T15:57:54","date_gmt":"2026-06-04T13:57:54","guid":{"rendered":"https:\/\/dombert.de\/?post_type=veranstaltung&#038;p=14106"},"modified":"2026-04-28T16:13:42","modified_gmt":"2026-04-28T14:13:42","slug":"kommunale-waermeplanung-im-land-brandenburg","status":"publish","type":"veranstaltung","link":"https:\/\/dombert.de\/en\/veranstaltung\/kommunale-waermeplanung-im-land-brandenburg\/","title":{"rendered":"Municipal heat planning in the state of Brandenburg"},"content":{"rendered":"<div data-elementor-type=\"wp-post\" data-elementor-id=\"14106\" class=\"elementor elementor-14106\" data-elementor-post-type=\"veranstaltung\">\n\t\t\t\t<div class=\"elementor-element elementor-element-2ee9f19f e-con-full e-flex e-con e-parent\" data-id=\"2ee9f19f\" data-element_type=\"container\" data-e-type=\"container\" data-settings=\"{&quot;background_background&quot;:&quot;classic&quot;}\">\n\t\t<div class=\"elementor-element elementor-element-21f16973 e-con-full e-flex e-con e-child\" data-id=\"21f16973\" data-element_type=\"container\" data-e-type=\"container\">\n\t\t\t\t<div class=\"elementor-element elementor-element-78d8d353 elementor-widget-divider--view-line elementor-widget elementor-widget-divider\" data-id=\"78d8d353\" data-element_type=\"widget\" data-e-type=\"widget\" data-widget_type=\"divider.default\">\n\t\t\t\t<div class=\"elementor-widget-container\">\n\t\t\t\t\t\t\t<div class=\"elementor-divider\">\n\t\t\t<span class=\"elementor-divider-separator\">\n\t\t\t\t\t\t<\/span>\n\t\t<\/div>\n\t\t\t\t\t\t<\/div>\n\t\t\t\t<\/div>\n\t\t\t\t<div class=\"elementor-element elementor-element-7770b345 elementor-widget__width-auto elementor-widget-mobile__width-initial elementor-widget elementor-widget-heading\" data-id=\"7770b345\" data-element_type=\"widget\" data-e-type=\"widget\" data-widget_type=\"heading.default\">\n\t\t\t\t<div class=\"elementor-widget-container\">\n\t\t\t\t\t<h2 class=\"elementor-heading-title elementor-size-default\">Municipal heat planning in the state of Brandenburg<\/h2>\t\t\t\t<\/div>\n\t\t\t\t<\/div>\n\t\t<div class=\"elementor-element elementor-element-6e826324 e-con-full e-flex e-con e-child\" data-id=\"6e826324\" data-element_type=\"container\" data-e-type=\"container\">\n\t\t\t\t<div class=\"elementor-element elementor-element-30362b4a elementor-widget__width-initial elementor-widget-divider--view-line elementor-widget elementor-widget-divider\" data-id=\"30362b4a\" data-element_type=\"widget\" data-e-type=\"widget\" data-widget_type=\"divider.default\">\n\t\t\t\t<div class=\"elementor-widget-container\">\n\t\t\t\t\t\t\t<div class=\"elementor-divider\">\n\t\t\t<span class=\"elementor-divider-separator\">\n\t\t\t\t\t\t<\/span>\n\t\t<\/div>\n\t\t\t\t\t\t<\/div>\n\t\t\t\t<\/div>\n\t\t\t\t<div class=\"elementor-element elementor-element-4dd808c8 elementor-widget__width-auto elementor-widget-tablet__width-initial elementor-widget-tablet_extra__width-initial elementor-widget elementor-widget-heading\" data-id=\"4dd808c8\" data-element_type=\"widget\" data-e-type=\"widget\" data-widget_type=\"heading.default\">\n\t\t\t\t<div class=\"elementor-widget-container\">\n\t\t\t\t\t<h3 class=\"elementor-heading-title elementor-size-default\"><span>Dr. Maximilian Dombert<\/span><\/h3>\t\t\t\t<\/div>\n\t\t\t\t<\/div>\n\t\t\t\t<\/div>\n\t\t<div class=\"elementor-element elementor-element-7442e4f0 e-con-full e-flex e-con e-child\" data-id=\"7442e4f0\" data-element_type=\"container\" data-e-type=\"container\">\n\t\t\t\t<div class=\"elementor-element elementor-element-3fa43c6f elementor-widget__width-auto elementor-view-default elementor-widget elementor-widget-icon\" data-id=\"3fa43c6f\" data-element_type=\"widget\" data-e-type=\"widget\" data-widget_type=\"icon.default\">\n\t\t\t\t<div class=\"elementor-widget-container\">\n\t\t\t\t\t\t\t<div class=\"elementor-icon-wrapper\">\n\t\t\t<a class=\"elementor-icon elementor-animation-grow\" href=\"https:\/\/www.linkedin.com\/company\/dombert-rechtsanwaelte\/posts\/?feedView=all\" target=\"_blank\">\n\t\t\t<svg aria-hidden=\"true\" class=\"e-font-icon-svg e-fab-linkedin\" viewbox=\"0 0 448 512\" xmlns=\"http:\/\/www.w3.org\/2000\/svg\"><path d=\"M416 32H31.9C14.3 32 0 46.5 0 64.3v383.4C0 465.5 14.3 480 31.9 480H416c17.6 0 32-14.5 32-32.3V64.3c0-17.8-14.4-32.3-32-32.3zM135.4 416H69V202.2h66.5V416zm-33.2-243c-21.3 0-38.5-17.3-38.5-38.5S80.9 96 102.2 96c21.2 0 38.5 17.3 38.5 38.5 0 21.3-17.2 38.5-38.5 38.5zm282.1 243h-66.4V312c0-24.8-.5-56.7-34.5-56.7-34.6 0-39.9 27-39.9 54.9V416h-66.4V202.2h63.7v29.2h.9c8.9-16.8 30.6-34.5 62.9-34.5 67.2 0 79.7 44.3 79.7 101.9V416z\"><\/path><\/svg>\t\t\t<\/a>\n\t\t<\/div>\n\t\t\t\t\t\t<\/div>\n\t\t\t\t<\/div>\n\t\t\t\t<\/div>\n\t\t\t\t<\/div>\n\t\t\t\t<\/div>\n\t\t<div class=\"elementor-element elementor-element-3ca43b49 e-con-full e-flex e-con e-parent\" data-id=\"3ca43b49\" data-element_type=\"container\" data-e-type=\"container\" data-settings=\"{&quot;background_background&quot;:&quot;classic&quot;}\">\n\t\t<div class=\"elementor-element elementor-element-290c5b6b e-con-full e-flex e-con e-child\" data-id=\"290c5b6b\" data-element_type=\"container\" data-e-type=\"container\">\n\t\t<div class=\"elementor-element elementor-element-57d97d9f e-con-full e-flex e-con e-child\" data-id=\"57d97d9f\" data-element_type=\"container\" data-e-type=\"container\">\n\t\t\t\t<div class=\"elementor-element elementor-element-5ac21b1 elementor-widget__width-initial elementor-widget-divider--view-line elementor-widget elementor-widget-divider\" data-id=\"5ac21b1\" data-element_type=\"widget\" data-e-type=\"widget\" data-widget_type=\"divider.default\">\n\t\t\t\t<div class=\"elementor-widget-container\">\n\t\t\t\t\t\t\t<div class=\"elementor-divider\">\n\t\t\t<span class=\"elementor-divider-separator\">\n\t\t\t\t\t\t<\/span>\n\t\t<\/div>\n\t\t\t\t\t\t<\/div>\n\t\t\t\t<\/div>\n\t\t\t\t<div class=\"elementor-element elementor-element-567e93e4 elementor-widget__width-auto elementor-widget-tablet__width-auto elementor-widget-mobile__width-auto elementor-widget elementor-widget-heading\" data-id=\"567e93e4\" data-element_type=\"widget\" data-e-type=\"widget\" data-widget_type=\"heading.default\">\n\t\t\t\t<div class=\"elementor-widget-container\">\n\t\t\t\t\t<h3 class=\"elementor-heading-title elementor-size-default\"><span>Seminars<\/span><\/h3>\t\t\t\t<\/div>\n\t\t\t\t<\/div>\n\t\t\t\t<\/div>\n\t\t<div class=\"elementor-element elementor-element-15e4ebc1 e-con-full e-flex e-con e-child\" data-id=\"15e4ebc1\" data-element_type=\"container\" data-e-type=\"container\">\n\t\t\t\t<div class=\"elementor-element elementor-element-2fd10bf7 elementor-widget__width-auto elementor-widget-tablet__width-auto elementor-widget-mobile__width-auto elementor-widget elementor-widget-heading\" data-id=\"2fd10bf7\" data-element_type=\"widget\" data-e-type=\"widget\" data-widget_type=\"heading.default\">\n\t\t\t\t<div class=\"elementor-widget-container\">\n\t\t\t\t\t<h3 class=\"elementor-heading-title elementor-size-default\">Veranstaltung am: 04.06.2026<\/h3>\t\t\t\t<\/div>\n\t\t\t\t<\/div>\n\t\t\t\t<div class=\"elementor-element elementor-element-d185191 elementor-widget elementor-widget-text-editor\" data-id=\"d185191\" data-element_type=\"widget\" data-e-type=\"widget\" data-widget_type=\"text-editor.default\">\n\t\t\t\t<div class=\"elementor-widget-container\">\n\t\t\t\t\t\t\t\t\t<p><strong>Time:<\/strong> 09:00 - 15:30<\/p><p><strong>Speaker:<\/strong> Rechtsanwalt <a href=\"https:\/\/dombert.de\/en\/person\/dr-maximilian-dombert\/\"><strong>Dr. Maximilian Dombert<\/strong><\/a><\/p><p><strong>Location: <\/strong>Panoramastra\u00dfe 1, 10178 Berlin<\/p><p><strong>Organiser:<\/strong> Brandenburg Municipal Academy<\/p>\t\t\t\t\t\t\t\t<\/div>\n\t\t\t\t<\/div>\n\t\t<div class=\"elementor-element elementor-element-71dde0e8 e-con-full e-flex e-con e-child\" data-id=\"71dde0e8\" data-element_type=\"container\" data-e-type=\"container\">\n\t\t\t\t<div class=\"elementor-element elementor-element-6dafde4b elementor-widget elementor-widget-button\" data-id=\"6dafde4b\" data-element_type=\"widget\" data-e-type=\"widget\" data-widget_type=\"button.default\">\n\t\t\t\t<div class=\"elementor-widget-container\">\n\t\t\t\t\t\t\t\t\t<div class=\"elementor-button-wrapper\">\n\t\t\t\t\t<a class=\"elementor-button elementor-button-link elementor-size-sm\" href=\"https:\/\/www.bka-brandenburg.de\/veranstaltungen\/2822214\/2026\/06\/04\/s1432605-kommunale-w%C3%A4rmeplanung-im-land-brandenburg.html#content\" target=\"_blank\">\n\t\t\t\t\t\t<span class=\"elementor-button-content-wrapper\">\n\t\t\t\t\t\t\t\t\t<span class=\"elementor-button-text\">To the registration<\/span>\n\t\t\t\t\t<\/span>\n\t\t\t\t\t<\/a>\n\t\t\t\t<\/div>\n\t\t\t\t\t\t\t\t<\/div>\n\t\t\t\t<\/div>\n\t\t\t\t<div class=\"elementor-element elementor-element-447dca76 elementor-widget elementor-widget-button\" data-id=\"447dca76\" data-element_type=\"widget\" data-e-type=\"widget\" data-widget_type=\"button.default\">\n\t\t\t\t<div class=\"elementor-widget-container\">\n\t\t\t\t\t\t\t\t\t<div class=\"elementor-button-wrapper\">\n\t\t\t\t\t<a class=\"elementor-button elementor-button-link elementor-size-sm\" href=\"https:\/\/www.bka-brandenburg.de\/\" target=\"_blank\">\n\t\t\t\t\t\t<span class=\"elementor-button-content-wrapper\">\n\t\t\t\t\t\t\t\t\t<span class=\"elementor-button-text\">To the organiser<\/span>\n\t\t\t\t\t<\/span>\n\t\t\t\t\t<\/a>\n\t\t\t\t<\/div>\n\t\t\t\t\t\t\t\t<\/div>\n\t\t\t\t<\/div>\n\t\t\t\t<\/div>\n\t\t\t\t<\/div>\n\t\t\t\t<\/div>\n\t\t\t\t<\/div>\n\t\t<div class=\"elementor-element elementor-element-4466cf11 e-con-full e-flex e-con e-parent\" data-id=\"4466cf11\" data-element_type=\"container\" data-e-type=\"container\" data-settings=\"{&quot;background_background&quot;:&quot;classic&quot;}\">\n\t\t<div class=\"elementor-element elementor-element-5989016a e-con-full e-flex e-con e-child\" data-id=\"5989016a\" data-element_type=\"container\" data-e-type=\"container\">\n\t\t<div class=\"elementor-element elementor-element-4fb3912b e-con-full e-flex e-con e-child\" data-id=\"4fb3912b\" data-element_type=\"container\" data-e-type=\"container\">\n\t\t\t\t<div class=\"elementor-element elementor-element-1b953726 elementor-widget__width-initial elementor-widget-divider--view-line elementor-widget elementor-widget-divider\" data-id=\"1b953726\" data-element_type=\"widget\" data-e-type=\"widget\" data-widget_type=\"divider.default\">\n\t\t\t\t<div class=\"elementor-widget-container\">\n\t\t\t\t\t\t\t<div class=\"elementor-divider\">\n\t\t\t<span class=\"elementor-divider-separator\">\n\t\t\t\t\t\t<\/span>\n\t\t<\/div>\n\t\t\t\t\t\t<\/div>\n\t\t\t\t<\/div>\n\t\t\t\t<div class=\"elementor-element elementor-element-40c9e2ee elementor-widget__width-auto elementor-widget-tablet__width-auto elementor-widget-mobile__width-auto elementor-widget elementor-widget-heading\" data-id=\"40c9e2ee\" data-element_type=\"widget\" data-e-type=\"widget\" data-widget_type=\"heading.default\">\n\t\t\t\t<div class=\"elementor-widget-container\">\n\t\t\t\t\t<h3 class=\"elementor-heading-title elementor-size-default\">Content of the event<\/h3>\t\t\t\t<\/div>\n\t\t\t\t<\/div>\n\t\t\t\t<\/div>\n\t\t\t\t<div class=\"elementor-element elementor-element-2a03fbf6 elementor-widget__width-initial elementor-widget-tablet__width-initial elementor-widget-mobile__width-initial elementor-widget elementor-widget-text-editor\" data-id=\"2a03fbf6\" data-element_type=\"widget\" data-e-type=\"widget\" data-widget_type=\"text-editor.default\">\n\t\t\t\t<div class=\"elementor-widget-container\">\n\t\t\t\t\t\t\t\t\t<p class=\"tiny_p\">Am 1. Januar 2024 ist das W\u00e4rmeplanungsgesetz des Bundes in Kraft getreten, welches die Bundesl\u00e4nder zu einer fl\u00e4chendeckenden W\u00e4rmeplanung verpflichtet. Dabei sind die St\u00e4dte und Gemeinden angehalten, kommunale W\u00e4rmepl\u00e4ne zu erstellen \u2013 als Fahrplan f\u00fcr einen Umstieg auf eine klimaneutrale Versorgung mit W\u00e4rme.\u00a0<br \/>Gemeinden mit weniger als 10.000 Einwohnern k\u00f6nnen nach Landesrecht ein vereinfachtes Verfahren durchf\u00fchren.<br \/>Ziel des Seminars ist auf die Grundlagen der Kommunalen W\u00e4rmeplanung im Land Brandenburg einzugehen das Wissen auszubauen. So soll beim Thema \u201eVergabeverfahren\u201c beispielsweise vertiefend auf die Erstellung eines Leistungsverzeichnisses eingegangen werden.\u00a0<br \/>\u00a0<\/p><p class=\"tiny_p\"><strong>Seminar contents:<\/strong><\/p><p class=\"tiny_p\">1.\u00a0\u00a0\u00a0\u00a0Rahmenbedingungen in der W\u00e4rmeplanung<\/p><p class=\"tiny_p\">&#8211;\u00a0\u00a0\u00a0\u00a0\u00dcberblick \u00fcber die Besonderheiten des vereinfachten und vollst\u00e4ndigen Verfahrens<br \/>&#8211;\u00a0\u00a0\u00a0\u00a0Rechtsgrundlagen (insbes. Gesetz f\u00fcr die W\u00e4rmeplanung und zur \u00a0Dekarbonisierung der W\u00e4rmenetze, entspr. Landesregelung Brandenburg)<br \/>&#8211;\u00a0\u00a0\u00a0\u00a0Stadtplanerische Vorgaben (FNP, B-Plan, Stadtumbau etc.)<br \/>&#8211;\u00a0\u00a0\u00a0\u00a0Aufbau, Organisation, Ablauf, einzuhaltende Termine<br \/>&#8211;\u00a0\u00a0\u00a0\u00a0Interkommunale Zusammenarbeit in der W\u00e4rmeplanung<br \/>&#8211;\u00a0\u00a0\u00a0\u00a0Beteiligung der \u00d6ffentlichkeit<\/p><p class=\"tiny_p\">2.\u00a0\u00a0\u00a0\u00a0Vergabe der W\u00e4rmeplanung an einen externen Dienstleister<\/p><p class=\"tiny_p\">&#8211;\u00a0\u00a0\u00a0\u00a0Rechtsgrundlagen des Vergabeverfahren\u00a0<br \/>&#8211;\u00a0\u00a0\u00a0\u00a0Er\u00f6ffnung, Ablauf und Abschluss des Verfahrens<br \/>&#8211;\u00a0\u00a0\u00a0\u00a0Erstellung eines Leistungsverzeichnisses<\/p><p class=\"tiny_p\">3.\u00a0\u00a0\u00a0\u00a0Begleitung und Steuerung eines f\u00fcr die Erstellung des W\u00e4rmeplans beauftragten externen Dienstleisters<\/p><p class=\"tiny_p\">4.\u00a0\u00a0\u00a0\u00a0F\u00f6rderung und Finanzierung<\/p><p class=\"tiny_p\">5.\u00a0\u00a0\u00a0\u00a0Digitalisierung und Datenschutz<\/p>\t\t\t\t\t\t\t\t<\/div>\n\t\t\t\t<\/div>\n\t\t\t\t<\/div>\n\t\t\t\t<\/div>\n\t\t<div class=\"elementor-element elementor-element-5626cad9 e-con-full e-flex e-con e-parent\" data-id=\"5626cad9\" data-element_type=\"container\" data-e-type=\"container\" data-settings=\"{&quot;background_background&quot;:&quot;classic&quot;}\">\n\t\t<div class=\"elementor-element elementor-element-a444cc e-con-full e-flex e-con e-child\" data-id=\"a444cc\" data-element_type=\"container\" data-e-type=\"container\">\n\t\t\t\t<div class=\"elementor-element elementor-element-463950f2 elementor-widget__width-inherit elementor-widget-tablet__width-inherit elementor-widget elementor-widget-heading\" data-id=\"463950f2\" data-element_type=\"widget\" data-e-type=\"widget\" data-widget_type=\"heading.default\">\n\t\t\t\t<div class=\"elementor-widget-container\">\n\t\t\t\t\t<h2 class=\"elementor-heading-title elementor-size-default\">The brains behind the event.<\/h2>\t\t\t\t<\/div>\n\t\t\t\t<\/div>\n\t\t<div class=\"elementor-element elementor-element-24c59be7 e-con-full e-flex e-con e-child\" data-id=\"24c59be7\" data-element_type=\"container\" data-e-type=\"container\">\n\t\t<div class=\"elementor-element elementor-element-4f5320b6 e-con-full e-flex e-con e-child\" data-id=\"4f5320b6\" data-element_type=\"container\" data-e-type=\"container\">\n\t\t\t\t<div class=\"elementor-element elementor-element-46589972 elementor-widget__width-initial elementor-widget-tablet_extra__width-initial elementor-widget elementor-widget-image\" data-id=\"46589972\" data-element_type=\"widget\" data-e-type=\"widget\" data-widget_type=\"image.default\">\n\t\t\t\t<div class=\"elementor-widget-container\">\n\t\t\t\t\t\t\t\t\t\t\t\t\t\t\t\t<a href=\"https:\/\/dombert.de\/en\/person\/dr-maximilian-dombert\/\" target=\"_blank\">\n\t\t\t\t\t\t\t<img fetchpriority=\"high\" decoding=\"async\" width=\"300\" height=\"300\" src=\"https:\/\/dombert.de\/wp-content\/uploads\/2025\/02\/maximilian-dombert-dombert-rechtsanwaelte-vorschau-300x300.jpg\" class=\"elementor-animation-grow attachment-medium size-medium wp-image-10356\" alt=\"\" srcset=\"https:\/\/dombert.de\/wp-content\/uploads\/2025\/02\/maximilian-dombert-dombert-rechtsanwaelte-vorschau-300x300.jpg 300w, https:\/\/dombert.de\/wp-content\/uploads\/2025\/02\/maximilian-dombert-dombert-rechtsanwaelte-vorschau-150x150.jpg 150w, https:\/\/dombert.de\/wp-content\/uploads\/2025\/02\/maximilian-dombert-dombert-rechtsanwaelte-vorschau.jpg 340w\" sizes=\"(max-width: 300px) 100vw, 300px\" \/>\t\t\t\t\t\t\t\t<\/a>\n\t\t\t\t\t\t\t\t\t\t\t\t\t\t\t<\/div>\n\t\t\t\t<\/div>\n\t\t\t\t<\/div>\n\t\t<div class=\"elementor-element elementor-element-5bc5b7cc e-con-full e-flex e-con e-child\" data-id=\"5bc5b7cc\" data-element_type=\"container\" data-e-type=\"container\">\n\t\t\t\t<div class=\"elementor-element elementor-element-251b10d0 elementor-widget__width-initial elementor-widget-tablet_extra__width-auto elementor-widget elementor-widget-text-editor\" data-id=\"251b10d0\" data-element_type=\"widget\" data-e-type=\"widget\" data-widget_type=\"text-editor.default\">\n\t\t\t\t<div class=\"elementor-widget-container\">\n\t\t\t\t\t\t\t\t\t<p><a href=\"https:\/\/dombert.de\/en\/person\/dr-maximilian-dombert\/\"><strong>Dr. Maximilian Dombert <\/strong><\/a><\/p><p>ist Rechtsanwalt und Fachanwalt f\u00fcr Verwaltungsrecht. Er ist Partner unserer Praxis und ber\u00e4t schwerpunktm\u00e4\u00dfig im Kommunal- und Bauplanungsrecht. Er referiert und ver\u00f6ffentlicht regelm\u00e4\u00dfig zum Klimaschutz als kommunaler Aufgabe.<\/p>\t\t\t\t\t\t\t\t<\/div>\n\t\t\t\t<\/div>\n\t\t<div class=\"elementor-element elementor-element-2b13486d e-con-full e-flex e-con e-child\" data-id=\"2b13486d\" data-element_type=\"container\" data-e-type=\"container\">\n\t\t\t\t<div class=\"elementor-element elementor-element-55231498 elementor-widget__width-initial elementor-widget-divider--view-line elementor-widget elementor-widget-divider\" data-id=\"55231498\" data-element_type=\"widget\" data-e-type=\"widget\" data-widget_type=\"divider.default\">\n\t\t\t\t<div class=\"elementor-widget-container\">\n\t\t\t\t\t\t\t<div class=\"elementor-divider\">\n\t\t\t<span class=\"elementor-divider-separator\">\n\t\t\t\t\t\t<\/span>\n\t\t<\/div>\n\t\t\t\t\t\t<\/div>\n\t\t\t\t<\/div>\n\t\t\t\t<div class=\"elementor-element elementor-element-19ac5333 elementor-widget__width-inherit elementor-widget-tablet__width-inherit elementor-widget-mobile__width-initial elementor-widget elementor-widget-heading\" data-id=\"19ac5333\" data-element_type=\"widget\" data-e-type=\"widget\" data-widget_type=\"heading.default\">\n\t\t\t\t<div class=\"elementor-widget-container\">\n\t\t\t\t\t<h3 class=\"elementor-heading-title elementor-size-default\"><a href=\"https:\/\/dombert.de\/en\/person\/dr-maximilian-dombert\/\" target=\"_blank\">Dr. Maximilian Dombert <\/a><\/h3>\t\t\t\t<\/div>\n\t\t\t\t<\/div>\n\t\t\t\t<\/div>\n\t\t\t\t<\/div>\n\t\t\t\t<\/div>\n\t\t\t\t<div class=\"elementor-element elementor-element-66f4ed7 elementor-widget-divider--view-line elementor-widget elementor-widget-divider\" data-id=\"66f4ed7\" data-element_type=\"widget\" data-e-type=\"widget\" data-widget_type=\"divider.default\">\n\t\t\t\t<div class=\"elementor-widget-container\">\n\t\t\t\t\t\t\t<div class=\"elementor-divider\">\n\t\t\t<span class=\"elementor-divider-separator\">\n\t\t\t\t\t\t<\/span>\n\t\t<\/div>\n\t\t\t\t\t\t<\/div>\n\t\t\t\t<\/div>\n\t\t\t\t<\/div>\n\t\t\t\t<\/div>\n\t\t<div class=\"elementor-element elementor-element-7388ffeb e-con-full e-flex e-con e-parent\" data-id=\"7388ffeb\" data-element_type=\"container\" data-e-type=\"container\" data-settings=\"{&quot;background_background&quot;:&quot;classic&quot;}\">\n\t\t<div class=\"elementor-element elementor-element-51fafa92 e-con-full e-flex e-con e-child\" data-id=\"51fafa92\" data-element_type=\"container\" data-e-type=\"container\">\n\t\t\t\t<div class=\"elementor-element elementor-element-5c366dfd elementor-widget__width-initial elementor-widget elementor-widget-heading\" data-id=\"5c366dfd\" data-element_type=\"widget\" data-e-type=\"widget\" data-widget_type=\"heading.default\">\n\t\t\t\t<div class=\"elementor-widget-container\">\n\t\t\t\t\t<h2 class=\"elementor-heading-title elementor-size-default\"><b>DOMBERT<\/b> Lawyers <\/h2>\t\t\t\t<\/div>\n\t\t\t\t<\/div>\n\t\t<div class=\"elementor-element elementor-element-4fdb7f3e e-con-full e-flex e-con e-child\" data-id=\"4fdb7f3e\" data-element_type=\"container\" data-e-type=\"container\">\n\t\t\t\t<div class=\"elementor-element elementor-element-702d5814 elementor-widget__width-initial elementor-widget-divider--view-line elementor-widget elementor-widget-divider\" data-id=\"702d5814\" data-element_type=\"widget\" data-e-type=\"widget\" data-widget_type=\"divider.default\">\n\t\t\t\t<div class=\"elementor-widget-container\">\n\t\t\t\t\t\t\t<div class=\"elementor-divider\">\n\t\t\t<span class=\"elementor-divider-separator\">\n\t\t\t\t\t\t<\/span>\n\t\t<\/div>\n\t\t\t\t\t\t<\/div>\n\t\t\t\t<\/div>\n\t\t\t\t<div class=\"elementor-element elementor-element-48d45790 elementor-widget__width-auto elementor-widget-tablet_extra__width-initial elementor-widget-tablet__width-initial elementor-widget-mobile_extra__width-initial elementor-widget-mobile__width-initial elementor-widget elementor-widget-heading\" data-id=\"48d45790\" data-element_type=\"widget\" data-e-type=\"widget\" data-widget_type=\"heading.default\">\n\t\t\t\t<div class=\"elementor-widget-container\">\n\t\t\t\t\t<h3 class=\"elementor-heading-title elementor-size-default\">Our work covers all legal issues and conflicts in which the state, municipalities or authorities are involved.<\/h3>\t\t\t\t<\/div>\n\t\t\t\t<\/div>\n\t\t\t\t<\/div>\n\t\t<div class=\"elementor-element elementor-element-6d3dbd e-con-full e-flex e-con e-child\" data-id=\"6d3dbd\" data-element_type=\"container\" data-e-type=\"container\">\n\t\t\t\t<div class=\"elementor-element elementor-element-5d8d66a4 elementor-widget elementor-widget-button\" data-id=\"5d8d66a4\" data-element_type=\"widget\" data-e-type=\"widget\" data-widget_type=\"button.default\">\n\t\t\t\t<div class=\"elementor-widget-container\">\n\t\t\t\t\t\t\t\t\t<div class=\"elementor-button-wrapper\">\n\t\t\t\t\t<a class=\"elementor-button elementor-button-link elementor-size-sm\" href=\"https:\/\/dombert.de\/en\/law-firm\/\">\n\t\t\t\t\t\t<span class=\"elementor-button-content-wrapper\">\n\t\t\t\t\t\t\t\t\t<span class=\"elementor-button-text\">More about our firm<\/span>\n\t\t\t\t\t<\/span>\n\t\t\t\t\t<\/a>\n\t\t\t\t<\/div>\n\t\t\t\t\t\t\t\t<\/div>\n\t\t\t\t<\/div>\n\t\t\t\t<div class=\"elementor-element elementor-element-280c3934 elementor-widget elementor-widget-button\" data-id=\"280c3934\" data-element_type=\"widget\" data-e-type=\"widget\" data-widget_type=\"button.default\">\n\t\t\t\t<div class=\"elementor-widget-container\">\n\t\t\t\t\t\t\t\t\t<div class=\"elementor-button-wrapper\">\n\t\t\t\t\t<a class=\"elementor-button elementor-button-link elementor-size-sm\" href=\"https:\/\/dombert.de\/en\/#kompetenzen\">\n\t\t\t\t\t\t<span class=\"elementor-button-content-wrapper\">\n\t\t\t\t\t\t\t\t\t<span class=\"elementor-button-text\">More about our expertise<\/span>\n\t\t\t\t\t<\/span>\n\t\t\t\t\t<\/a>\n\t\t\t\t<\/div>\n\t\t\t\t\t\t\t\t<\/div>\n\t\t\t\t<\/div>\n\t\t\t\t<\/div>\n\t\t\t\t<\/div>\n\t\t\t\t<\/div>\n\t\t\t\t<\/div>","protected":false},"featured_media":7034,"template":"","meta":{"_acf_changed":false,"site-sidebar-layout":"no-sidebar","site-content-layout":"page-builder","ast-site-content-layout":"full-width-container","site-content-style":"default","site-sidebar-style":"default","ast-global-header-display":"","ast-banner-title-visibility":"","ast-main-header-display":"","ast-hfb-above-header-display":"","ast-hfb-below-header-display":"","ast-hfb-mobile-header-display":"","site-post-title":"","ast-breadcrumbs-content":"","ast-featured-img":"disabled","footer-sml-layout":"","ast-disable-related-posts":"","theme-transparent-header-meta":"","adv-header-id-meta":"","stick-header-meta":"","header-above-stick-meta":"","header-main-stick-meta":"","header-below-stick-meta":"","astra-migrate-meta-layouts":"set","ast-page-background-enabled":"default","ast-page-background-meta":{"desktop":{"background-color":"","background-image":"","background-repeat":"repeat","background-position":"center center","background-size":"auto","background-attachment":"scroll","background-type":"","background-media":"","overlay-type":"","overlay-color":"","overlay-opacity":"","overlay-gradient":""},"tablet":{"background-color":"","background-image":"","background-repeat":"repeat","background-position":"center center","background-size":"auto","background-attachment":"scroll","background-type":"","background-media":"","overlay-type":"","overlay-color":"","overlay-opacity":"","overlay-gradient":""},"mobile":{"background-color":"","background-image":"","background-repeat":"repeat","background-position":"center center","background-size":"auto","background-attachment":"scroll","background-type":"","background-media":"","overlay-type":"","overlay-color":"","overlay-opacity":"","overlay-gradient":""}},"ast-content-background-meta":{"desktop":{"background-color":"var(--ast-global-color-5)","background-image":"","background-repeat":"repeat","background-position":"center center","background-size":"auto","background-attachment":"scroll","background-type":"","background-media":"","overlay-type":"","overlay-color":"","overlay-opacity":"","overlay-gradient":""},"tablet":{"background-color":"var(--ast-global-color-5)","background-image":"","background-repeat":"repeat","background-position":"center center","background-size":"auto","background-attachment":"scroll","background-type":"","background-media":"","overlay-type":"","overlay-color":"","overlay-opacity":"","overlay-gradient":""},"mobile":{"background-color":"var(--ast-global-color-5)","background-image":"","background-repeat":"repeat","background-position":"center center","background-size":"auto","background-attachment":"scroll","background-type":"","background-media":"","overlay-type":"","overlay-color":"","overlay-opacity":"","overlay-gradient":""}}},"tags":[],"secondary-autor":[104],"kategorie-veranstaltung":[83],"class_list":["post-14106","veranstaltung","type-veranstaltung","status-publish","has-post-thumbnail","hentry","secondary-autor-dr-maximilian-dombert","kategorie-veranstaltung-vortrag"],"acf":[],"yoast_head":"<!-- This site is optimized with the Yoast SEO plugin v27.4 - https:\/\/yoast.com\/product\/yoast-seo-wordpress\/ -->\n<title>Kommunale W\u00e4rmeplanung im Land Brandenburg - DOMBERT Rechtsanw\u00e4lte<\/title>\n<meta name=\"robots\" content=\"index, follow, max-snippet:-1, max-image-preview:large, max-video-preview:-1\" \/>\n<link rel=\"canonical\" href=\"https:\/\/dombert.de\/en\/event\/kommunale-waermeplanung-im-land-brandenburg\/\" \/>\n<meta property=\"og:locale\" content=\"en_GB\" \/>\n<meta property=\"og:type\" content=\"article\" \/>\n<meta property=\"og:title\" content=\"Kommunale W\u00e4rmeplanung im Land Brandenburg - DOMBERT Rechtsanw\u00e4lte\" \/>\n<meta property=\"og:description\" content=\"Zeit: 09:00 &#8211; 15:30 Uhr Referent: Rechtsanwalt Dr. Maximilian Dombert Ort: Panoramastra\u00dfe 1, 10178 Berlin Veranstalter: Brandenburgische Kommunalakademie Zur Anmeldung Zum Veranstalter Inhalt der Veranstaltung Am 1. Januar 2024 ist das W\u00e4rmeplanungsgesetz des Bundes in Kraft getreten, welches die Bundesl\u00e4nder zu einer fl\u00e4chendeckenden W\u00e4rmeplanung verpflichtet. Dabei sind die St\u00e4dte und Gemeinden angehalten, kommunale W\u00e4rmepl\u00e4ne zu [&hellip;]\" \/>\n<meta property=\"og:url\" content=\"https:\/\/dombert.de\/en\/event\/kommunale-waermeplanung-im-land-brandenburg\/\" \/>\n<meta property=\"og:site_name\" content=\"DOMBERT Rechtsanw\u00e4lte\" \/>\n<meta property=\"og:image\" content=\"https:\/\/dombert.de\/wp-content\/uploads\/2025\/03\/infrastruktur-dombert-rechtsanwaelte.jpg\" \/>\n\t<meta property=\"og:image:width\" content=\"650\" \/>\n\t<meta property=\"og:image:height\" content=\"450\" \/>\n\t<meta property=\"og:image:type\" content=\"image\/jpeg\" \/>\n<meta name=\"twitter:card\" content=\"summary_large_image\" \/>\n<meta name=\"twitter:label1\" content=\"Estimated reading time\" \/>\n\t<meta name=\"twitter:data1\" content=\"2 minutes\" \/>\n<script type=\"application\/ld+json\" class=\"yoast-schema-graph\">{\"@context\":\"https:\\\/\\\/schema.org\",\"@graph\":[{\"@type\":\"WebPage\",\"@id\":\"https:\\\/\\\/dombert.de\\\/veranstaltung\\\/kommunale-waermeplanung-im-land-brandenburg\\\/\",\"url\":\"https:\\\/\\\/dombert.de\\\/veranstaltung\\\/kommunale-waermeplanung-im-land-brandenburg\\\/\",\"name\":\"Kommunale W\u00e4rmeplanung im Land Brandenburg - DOMBERT Rechtsanw\u00e4lte\",\"isPartOf\":{\"@id\":\"https:\\\/\\\/dombert.de\\\/#website\"},\"primaryImageOfPage\":{\"@id\":\"https:\\\/\\\/dombert.de\\\/veranstaltung\\\/kommunale-waermeplanung-im-land-brandenburg\\\/#primaryimage\"},\"image\":{\"@id\":\"https:\\\/\\\/dombert.de\\\/veranstaltung\\\/kommunale-waermeplanung-im-land-brandenburg\\\/#primaryimage\"},\"thumbnailUrl\":\"https:\\\/\\\/dombert.de\\\/wp-content\\\/uploads\\\/2025\\\/03\\\/infrastruktur-dombert-rechtsanwaelte.jpg\",\"datePublished\":\"2026-06-04T13:57:54+00:00\",\"breadcrumb\":{\"@id\":\"https:\\\/\\\/dombert.de\\\/veranstaltung\\\/kommunale-waermeplanung-im-land-brandenburg\\\/#breadcrumb\"},\"inLanguage\":\"en-GB\",\"potentialAction\":[{\"@type\":\"ReadAction\",\"target\":[\"https:\\\/\\\/dombert.de\\\/veranstaltung\\\/kommunale-waermeplanung-im-land-brandenburg\\\/\"]}]},{\"@type\":\"ImageObject\",\"inLanguage\":\"en-GB\",\"@id\":\"https:\\\/\\\/dombert.de\\\/veranstaltung\\\/kommunale-waermeplanung-im-land-brandenburg\\\/#primaryimage\",\"url\":\"https:\\\/\\\/dombert.de\\\/wp-content\\\/uploads\\\/2025\\\/03\\\/infrastruktur-dombert-rechtsanwaelte.jpg\",\"contentUrl\":\"https:\\\/\\\/dombert.de\\\/wp-content\\\/uploads\\\/2025\\\/03\\\/infrastruktur-dombert-rechtsanwaelte.jpg\",\"width\":650,\"height\":450},{\"@type\":\"BreadcrumbList\",\"@id\":\"https:\\\/\\\/dombert.de\\\/veranstaltung\\\/kommunale-waermeplanung-im-land-brandenburg\\\/#breadcrumb\",\"itemListElement\":[{\"@type\":\"ListItem\",\"position\":1,\"name\":\"Startseite\",\"item\":\"https:\\\/\\\/dombert.de\\\/\"},{\"@type\":\"ListItem\",\"position\":2,\"name\":\"Kommunale W\u00e4rmeplanung im Land Brandenburg\"}]},{\"@type\":\"WebSite\",\"@id\":\"https:\\\/\\\/dombert.de\\\/#website\",\"url\":\"https:\\\/\\\/dombert.de\\\/\",\"name\":\"DOMBERT Rechtsanw\u00e4lte\",\"description\":\"Wir sind Ihr kompetenter Ansprechpartner f\u00fcr alle Fragen des \u00f6ffentlichen Rechts.\",\"publisher\":{\"@id\":\"https:\\\/\\\/dombert.de\\\/#organization\"},\"potentialAction\":[{\"@type\":\"SearchAction\",\"target\":{\"@type\":\"EntryPoint\",\"urlTemplate\":\"https:\\\/\\\/dombert.de\\\/?s={search_term_string}\"},\"query-input\":{\"@type\":\"PropertyValueSpecification\",\"valueRequired\":true,\"valueName\":\"search_term_string\"}}],\"inLanguage\":\"en-GB\"},{\"@type\":\"Organization\",\"@id\":\"https:\\\/\\\/dombert.de\\\/#organization\",\"name\":\"DOMBERT Rechtsanw\u00e4lte\",\"url\":\"https:\\\/\\\/dombert.de\\\/\",\"logo\":{\"@type\":\"ImageObject\",\"inLanguage\":\"en-GB\",\"@id\":\"https:\\\/\\\/dombert.de\\\/#\\\/schema\\\/logo\\\/image\\\/\",\"url\":\"https:\\\/\\\/dombert.de\\\/wp-content\\\/uploads\\\/2025\\\/02\\\/Dombert-Logo_negativ_rgb.png\",\"contentUrl\":\"https:\\\/\\\/dombert.de\\\/wp-content\\\/uploads\\\/2025\\\/02\\\/Dombert-Logo_negativ_rgb.png\",\"width\":459,\"height\":206,\"caption\":\"DOMBERT Rechtsanw\u00e4lte\"},\"image\":{\"@id\":\"https:\\\/\\\/dombert.de\\\/#\\\/schema\\\/logo\\\/image\\\/\"},\"sameAs\":[\"https:\\\/\\\/www.linkedin.com\\\/company\\\/dombert-rechtsanwaelte\\\/posts\\\/?feedView=all\"]}]}<\/script>\n<!-- \/ Yoast SEO plugin. -->","yoast_head_json":{"title":"Kommunale W\u00e4rmeplanung im Land Brandenburg - DOMBERT Rechtsanw\u00e4lte","robots":{"index":"index","follow":"follow","max-snippet":"max-snippet:-1","max-image-preview":"max-image-preview:large","max-video-preview":"max-video-preview:-1"},"canonical":"https:\/\/dombert.de\/en\/event\/kommunale-waermeplanung-im-land-brandenburg\/","og_locale":"en_GB","og_type":"article","og_title":"Kommunale W\u00e4rmeplanung im Land Brandenburg - DOMBERT Rechtsanw\u00e4lte","og_description":"Zeit: 09:00 &#8211; 15:30 Uhr Referent: Rechtsanwalt Dr. Maximilian Dombert Ort: Panoramastra\u00dfe 1, 10178 Berlin Veranstalter: Brandenburgische Kommunalakademie Zur Anmeldung Zum Veranstalter Inhalt der Veranstaltung Am 1. Januar 2024 ist das W\u00e4rmeplanungsgesetz des Bundes in Kraft getreten, welches die Bundesl\u00e4nder zu einer fl\u00e4chendeckenden W\u00e4rmeplanung verpflichtet. Dabei sind die St\u00e4dte und Gemeinden angehalten, kommunale W\u00e4rmepl\u00e4ne zu [&hellip;]","og_url":"https:\/\/dombert.de\/en\/event\/kommunale-waermeplanung-im-land-brandenburg\/","og_site_name":"DOMBERT Rechtsanw\u00e4lte","og_image":[{"width":650,"height":450,"url":"https:\/\/dombert.de\/wp-content\/uploads\/2025\/03\/infrastruktur-dombert-rechtsanwaelte.jpg","type":"image\/jpeg"}],"twitter_card":"summary_large_image","twitter_misc":{"Estimated reading time":"2 minutes"},"schema":{"@context":"https:\/\/schema.org","@graph":[{"@type":"WebPage","@id":"https:\/\/dombert.de\/veranstaltung\/kommunale-waermeplanung-im-land-brandenburg\/","url":"https:\/\/dombert.de\/veranstaltung\/kommunale-waermeplanung-im-land-brandenburg\/","name":"Kommunale W\u00e4rmeplanung im Land Brandenburg - DOMBERT Rechtsanw\u00e4lte","isPartOf":{"@id":"https:\/\/dombert.de\/#website"},"primaryImageOfPage":{"@id":"https:\/\/dombert.de\/veranstaltung\/kommunale-waermeplanung-im-land-brandenburg\/#primaryimage"},"image":{"@id":"https:\/\/dombert.de\/veranstaltung\/kommunale-waermeplanung-im-land-brandenburg\/#primaryimage"},"thumbnailUrl":"https:\/\/dombert.de\/wp-content\/uploads\/2025\/03\/infrastruktur-dombert-rechtsanwaelte.jpg","datePublished":"2026-06-04T13:57:54+00:00","breadcrumb":{"@id":"https:\/\/dombert.de\/veranstaltung\/kommunale-waermeplanung-im-land-brandenburg\/#breadcrumb"},"inLanguage":"en-GB","potentialAction":[{"@type":"ReadAction","target":["https:\/\/dombert.de\/veranstaltung\/kommunale-waermeplanung-im-land-brandenburg\/"]}]},{"@type":"ImageObject","inLanguage":"en-GB","@id":"https:\/\/dombert.de\/veranstaltung\/kommunale-waermeplanung-im-land-brandenburg\/#primaryimage","url":"https:\/\/dombert.de\/wp-content\/uploads\/2025\/03\/infrastruktur-dombert-rechtsanwaelte.jpg","contentUrl":"https:\/\/dombert.de\/wp-content\/uploads\/2025\/03\/infrastruktur-dombert-rechtsanwaelte.jpg","width":650,"height":450},{"@type":"BreadcrumbList","@id":"https:\/\/dombert.de\/veranstaltung\/kommunale-waermeplanung-im-land-brandenburg\/#breadcrumb","itemListElement":[{"@type":"ListItem","position":1,"name":"Startseite","item":"https:\/\/dombert.de\/"},{"@type":"ListItem","position":2,"name":"Kommunale W\u00e4rmeplanung im Land Brandenburg"}]},{"@type":"WebSite","@id":"https:\/\/dombert.de\/#website","url":"https:\/\/dombert.de\/","name":"DOMBERT Rechtsanw\u00e4lte","description":"We are your expert partner for all matters relating to public law.","publisher":{"@id":"https:\/\/dombert.de\/#organization"},"potentialAction":[{"@type":"SearchAction","target":{"@type":"EntryPoint","urlTemplate":"https:\/\/dombert.de\/?s={search_term_string}"},"query-input":{"@type":"PropertyValueSpecification","valueRequired":true,"valueName":"search_term_string"}}],"inLanguage":"en-GB"},{"@type":"Organization","@id":"https:\/\/dombert.de\/#organization","name":"DOMBERT Rechtsanw\u00e4lte","url":"https:\/\/dombert.de\/","logo":{"@type":"ImageObject","inLanguage":"en-GB","@id":"https:\/\/dombert.de\/#\/schema\/logo\/image\/","url":"https:\/\/dombert.de\/wp-content\/uploads\/2025\/02\/Dombert-Logo_negativ_rgb.png","contentUrl":"https:\/\/dombert.de\/wp-content\/uploads\/2025\/02\/Dombert-Logo_negativ_rgb.png","width":459,"height":206,"caption":"DOMBERT Rechtsanw\u00e4lte"},"image":{"@id":"https:\/\/dombert.de\/#\/schema\/logo\/image\/"},"sameAs":["https:\/\/www.linkedin.com\/company\/dombert-rechtsanwaelte\/posts\/?feedView=all"]}]}},"publishpress_future_action":{"enabled":true,"date":"2026-06-04 23:57:00","action":"change-status","newStatus":"trash","terms":[],"taxonomy":"post_tag","extraData":[]},"publishpress_future_workflow_manual_trigger":{"enabledWorkflows":[]},"_links":{"self":[{"href":"https:\/\/dombert.de\/en\/wp-json\/wp\/v2\/veranstaltung\/14106","targetHints":{"allow":["GET"]}}],"collection":[{"href":"https:\/\/dombert.de\/en\/wp-json\/wp\/v2\/veranstaltung"}],"about":[{"href":"https:\/\/dombert.de\/en\/wp-json\/wp\/v2\/types\/veranstaltung"}],"version-history":[{"count":7,"href":"https:\/\/dombert.de\/en\/wp-json\/wp\/v2\/veranstaltung\/14106\/revisions"}],"predecessor-version":[{"id":14113,"href":"https:\/\/dombert.de\/en\/wp-json\/wp\/v2\/veranstaltung\/14106\/revisions\/14113"}],"wp:featuredmedia":[{"embeddable":true,"href":"https:\/\/dombert.de\/en\/wp-json\/wp\/v2\/media\/7034"}],"wp:attachment":[{"href":"https:\/\/dombert.de\/en\/wp-json\/wp\/v2\/media?parent=14106"}],"wp:term":[{"taxonomy":"post_tag","embeddable":true,"href":"https:\/\/dombert.de\/en\/wp-json\/wp\/v2\/tags?post=14106"},{"taxonomy":"secondary-autor","embeddable":true,"href":"https:\/\/dombert.de\/en\/wp-json\/wp\/v2\/secondary-autor?post=14106"},{"taxonomy":"kategorie-veranstaltung","embeddable":true,"href":"https:\/\/dombert.de\/en\/wp-json\/wp\/v2\/kategorie-veranstaltung?post=14106"}],"curies":[{"name":"wp","href":"https:\/\/api.w.org\/{rel}","templated":true}]}}