{"id":15773,"date":"2026-09-08T09:30:00","date_gmt":"2026-09-08T07:30:00","guid":{"rendered":"https:\/\/dombert.de\/?post_type=veranstaltung&#038;p=15773"},"modified":"2026-09-01T09:01:35","modified_gmt":"2026-09-01T07:01:35","slug":"acceptance-of-wind-energy-in-the-forest-2","status":"publish","type":"veranstaltung","link":"https:\/\/dombert.de\/en\/veranstaltung\/akzeptanz-von-windenergie-im-wald-2\/","title":{"rendered":"Acceptance of wind energy in the forest"},"content":{"rendered":"<div data-elementor-type=\"wp-post\" data-elementor-id=\"15773\" class=\"elementor elementor-15773\" data-elementor-post-type=\"veranstaltung\">\n\t\t\t\t<div class=\"elementor-element elementor-element-5cc9de08 e-con-full e-flex e-con e-parent\" data-id=\"5cc9de08\" data-element_type=\"container\" data-e-type=\"container\" data-settings=\"{&quot;background_background&quot;:&quot;classic&quot;}\">\n\t\t<div class=\"elementor-element elementor-element-8f864b4 e-con-full e-flex e-con e-child\" data-id=\"8f864b4\" data-element_type=\"container\" data-e-type=\"container\">\n\t\t\t\t<div class=\"elementor-element elementor-element-69b70af0 elementor-widget-divider--view-line elementor-widget elementor-widget-divider\" data-id=\"69b70af0\" data-element_type=\"widget\" data-e-type=\"widget\" data-widget_type=\"divider.default\">\n\t\t\t\t<div class=\"elementor-widget-container\">\n\t\t\t\t\t\t\t<div class=\"elementor-divider\">\n\t\t\t<span class=\"elementor-divider-separator\">\n\t\t\t\t\t\t<\/span>\n\t\t<\/div>\n\t\t\t\t\t\t<\/div>\n\t\t\t\t<\/div>\n\t\t\t\t<div class=\"elementor-element elementor-element-671b7469 elementor-widget__width-auto elementor-widget-mobile__width-initial elementor-widget elementor-widget-heading\" data-id=\"671b7469\" data-element_type=\"widget\" data-e-type=\"widget\" data-widget_type=\"heading.default\">\n\t\t\t\t<div class=\"elementor-widget-container\">\n\t\t\t\t\t<h2 class=\"elementor-heading-title elementor-size-default\">Acceptance of wind energy in the forest<\/h2>\t\t\t\t<\/div>\n\t\t\t\t<\/div>\n\t\t<div class=\"elementor-element elementor-element-84d8ec6 e-con-full e-flex e-con e-child\" data-id=\"84d8ec6\" data-element_type=\"container\" data-e-type=\"container\">\n\t\t\t\t<div class=\"elementor-element elementor-element-73ef7259 elementor-widget__width-initial elementor-widget-divider--view-line elementor-widget elementor-widget-divider\" data-id=\"73ef7259\" data-element_type=\"widget\" data-e-type=\"widget\" data-widget_type=\"divider.default\">\n\t\t\t\t<div class=\"elementor-widget-container\">\n\t\t\t\t\t\t\t<div class=\"elementor-divider\">\n\t\t\t<span class=\"elementor-divider-separator\">\n\t\t\t\t\t\t<\/span>\n\t\t<\/div>\n\t\t\t\t\t\t<\/div>\n\t\t\t\t<\/div>\n\t\t\t\t<div class=\"elementor-element elementor-element-43cb6263 elementor-widget__width-auto elementor-widget-tablet__width-initial elementor-widget-tablet_extra__width-initial elementor-widget elementor-widget-heading\" data-id=\"43cb6263\" data-element_type=\"widget\" data-e-type=\"widget\" data-widget_type=\"heading.default\">\n\t\t\t\t<div class=\"elementor-widget-container\">\n\t\t\t\t\t<h3 class=\"elementor-heading-title elementor-size-default\"><span>Janko Ge\u00dfner<\/span><\/h3>\t\t\t\t<\/div>\n\t\t\t\t<\/div>\n\t\t\t\t<\/div>\n\t\t<div class=\"elementor-element elementor-element-75fb0260 e-con-full e-flex e-con e-child\" data-id=\"75fb0260\" data-element_type=\"container\" data-e-type=\"container\">\n\t\t\t\t<div class=\"elementor-element elementor-element-53790ea2 elementor-widget__width-auto elementor-view-default elementor-widget elementor-widget-icon\" data-id=\"53790ea2\" data-element_type=\"widget\" data-e-type=\"widget\" data-widget_type=\"icon.default\">\n\t\t\t\t<div class=\"elementor-widget-container\">\n\t\t\t\t\t\t\t<div class=\"elementor-icon-wrapper\">\n\t\t\t<a class=\"elementor-icon elementor-animation-grow\" href=\"https:\/\/www.linkedin.com\/company\/dombert-rechtsanwaelte\/posts\/?feedView=all\" target=\"_blank\">\n\t\t\t<svg aria-hidden=\"true\" class=\"e-font-icon-svg e-fab-linkedin\" viewbox=\"0 0 448 512\" xmlns=\"http:\/\/www.w3.org\/2000\/svg\"><path d=\"M416 32H31.9C14.3 32 0 46.5 0 64.3v383.4C0 465.5 14.3 480 31.9 480H416c17.6 0 32-14.5 32-32.3V64.3c0-17.8-14.4-32.3-32-32.3zM135.4 416H69V202.2h66.5V416zm-33.2-243c-21.3 0-38.5-17.3-38.5-38.5S80.9 96 102.2 96c21.2 0 38.5 17.3 38.5 38.5 0 21.3-17.2 38.5-38.5 38.5zm282.1 243h-66.4V312c0-24.8-.5-56.7-34.5-56.7-34.6 0-39.9 27-39.9 54.9V416h-66.4V202.2h63.7v29.2h.9c8.9-16.8 30.6-34.5 62.9-34.5 67.2 0 79.7 44.3 79.7 101.9V416z\"><\/path><\/svg>\t\t\t<\/a>\n\t\t<\/div>\n\t\t\t\t\t\t<\/div>\n\t\t\t\t<\/div>\n\t\t\t\t<\/div>\n\t\t\t\t<\/div>\n\t\t\t\t<\/div>\n\t\t<div class=\"elementor-element elementor-element-4cf60983 e-con-full e-flex e-con e-parent\" data-id=\"4cf60983\" data-element_type=\"container\" data-e-type=\"container\" data-settings=\"{&quot;background_background&quot;:&quot;classic&quot;}\">\n\t\t<div class=\"elementor-element elementor-element-e96e903 e-con-full e-flex e-con e-child\" data-id=\"e96e903\" data-element_type=\"container\" data-e-type=\"container\">\n\t\t<div class=\"elementor-element elementor-element-55f451d e-con-full e-flex e-con e-child\" data-id=\"55f451d\" data-element_type=\"container\" data-e-type=\"container\">\n\t\t\t\t<div class=\"elementor-element elementor-element-42330fc9 elementor-widget__width-initial elementor-widget-divider--view-line elementor-widget elementor-widget-divider\" data-id=\"42330fc9\" data-element_type=\"widget\" data-e-type=\"widget\" data-widget_type=\"divider.default\">\n\t\t\t\t<div class=\"elementor-widget-container\">\n\t\t\t\t\t\t\t<div class=\"elementor-divider\">\n\t\t\t<span class=\"elementor-divider-separator\">\n\t\t\t\t\t\t<\/span>\n\t\t<\/div>\n\t\t\t\t\t\t<\/div>\n\t\t\t\t<\/div>\n\t\t\t\t<div class=\"elementor-element elementor-element-ae86dd9 elementor-widget__width-auto elementor-widget-tablet__width-auto elementor-widget-mobile__width-auto elementor-widget elementor-widget-heading\" data-id=\"ae86dd9\" data-element_type=\"widget\" data-e-type=\"widget\" data-widget_type=\"heading.default\">\n\t\t\t\t<div class=\"elementor-widget-container\">\n\t\t\t\t\t<h3 class=\"elementor-heading-title elementor-size-default\"><span>Seminars<\/span><\/h3>\t\t\t\t<\/div>\n\t\t\t\t<\/div>\n\t\t\t\t<\/div>\n\t\t<div class=\"elementor-element elementor-element-5c91d638 e-con-full e-flex e-con e-child\" data-id=\"5c91d638\" data-element_type=\"container\" data-e-type=\"container\">\n\t\t\t\t<div class=\"elementor-element elementor-element-19fc3137 elementor-widget__width-auto elementor-widget-tablet__width-auto elementor-widget-mobile__width-auto elementor-widget elementor-widget-heading\" data-id=\"19fc3137\" data-element_type=\"widget\" data-e-type=\"widget\" data-widget_type=\"heading.default\">\n\t\t\t\t<div class=\"elementor-widget-container\">\n\t\t\t\t\t<h3 class=\"elementor-heading-title elementor-size-default\">Event on: 8 September 2026<\/h3>\t\t\t\t<\/div>\n\t\t\t\t<\/div>\n\t\t\t\t<div class=\"elementor-element elementor-element-452ab14b elementor-widget elementor-widget-text-editor\" data-id=\"452ab14b\" data-element_type=\"widget\" data-e-type=\"widget\" data-widget_type=\"text-editor.default\">\n\t\t\t\t<div class=\"elementor-widget-container\">\n\t\t\t\t\t\t\t\t\t<p><strong>Time:<\/strong> 9.30 am \u2013 1.00 pm<\/p><p><strong>Speaker:<\/strong> Rechtsanwalt <a href=\"https:\/\/dombert.de\/en\/person\/janko-gessner\/\" target=\"_blank\" rel=\"noopener\">Janko Ge\u00dfner<\/a><br \/><strong>Organiser:<\/strong> c\/o German Wind Energy Association (Bundesverband WindEnergie e.V.).<\/p>\t\t\t\t\t\t\t\t<\/div>\n\t\t\t\t<\/div>\n\t\t<div class=\"elementor-element elementor-element-ee2bd36 e-con-full e-flex e-con e-child\" data-id=\"ee2bd36\" data-element_type=\"container\" data-e-type=\"container\">\n\t\t\t\t<div class=\"elementor-element elementor-element-2deb3b4c elementor-widget elementor-widget-button\" data-id=\"2deb3b4c\" data-element_type=\"widget\" data-e-type=\"widget\" data-widget_type=\"button.default\">\n\t\t\t\t<div class=\"elementor-widget-container\">\n\t\t\t\t\t\t\t\t\t<div class=\"elementor-button-wrapper\">\n\t\t\t\t\t<a class=\"elementor-button elementor-button-link elementor-size-sm\" href=\"https:\/\/ee-hub.de\/veranstaltungen\/seminar-webseminar\/akzeptanz-von-windenergie-im-wald-09-2026?utm_campaign=WEB26107601&#038;utm_content=Mailing_17319598&#038;utm_medium=email&#038;utm_source=newsletter\" target=\"_blank\">\n\t\t\t\t\t\t<span class=\"elementor-button-content-wrapper\">\n\t\t\t\t\t\t\t\t\t<span class=\"elementor-button-text\">To the registration<\/span>\n\t\t\t\t\t<\/span>\n\t\t\t\t\t<\/a>\n\t\t\t\t<\/div>\n\t\t\t\t\t\t\t\t<\/div>\n\t\t\t\t<\/div>\n\t\t\t\t<div class=\"elementor-element elementor-element-5e3c6cc3 elementor-widget elementor-widget-button\" data-id=\"5e3c6cc3\" data-element_type=\"widget\" data-e-type=\"widget\" data-widget_type=\"button.default\">\n\t\t\t\t<div class=\"elementor-widget-container\">\n\t\t\t\t\t\t\t\t\t<div class=\"elementor-button-wrapper\">\n\t\t\t\t\t<a class=\"elementor-button elementor-button-link elementor-size-sm\" href=\"https:\/\/ee-hub.de\/\" target=\"_blank\">\n\t\t\t\t\t\t<span class=\"elementor-button-content-wrapper\">\n\t\t\t\t\t\t\t\t\t<span class=\"elementor-button-text\">To the organiser<\/span>\n\t\t\t\t\t<\/span>\n\t\t\t\t\t<\/a>\n\t\t\t\t<\/div>\n\t\t\t\t\t\t\t\t<\/div>\n\t\t\t\t<\/div>\n\t\t\t\t<\/div>\n\t\t\t\t<\/div>\n\t\t\t\t<\/div>\n\t\t\t\t<\/div>\n\t\t<div class=\"elementor-element elementor-element-608db154 e-con-full e-flex e-con e-parent\" data-id=\"608db154\" data-element_type=\"container\" data-e-type=\"container\" data-settings=\"{&quot;background_background&quot;:&quot;classic&quot;}\">\n\t\t<div class=\"elementor-element elementor-element-4cad53bc e-con-full e-flex e-con e-child\" data-id=\"4cad53bc\" data-element_type=\"container\" data-e-type=\"container\">\n\t\t<div class=\"elementor-element elementor-element-2e6e766 e-con-full e-flex e-con e-child\" data-id=\"2e6e766\" data-element_type=\"container\" data-e-type=\"container\">\n\t\t\t\t<div class=\"elementor-element elementor-element-756b106f elementor-widget__width-initial elementor-widget-divider--view-line elementor-widget elementor-widget-divider\" data-id=\"756b106f\" data-element_type=\"widget\" data-e-type=\"widget\" data-widget_type=\"divider.default\">\n\t\t\t\t<div class=\"elementor-widget-container\">\n\t\t\t\t\t\t\t<div class=\"elementor-divider\">\n\t\t\t<span class=\"elementor-divider-separator\">\n\t\t\t\t\t\t<\/span>\n\t\t<\/div>\n\t\t\t\t\t\t<\/div>\n\t\t\t\t<\/div>\n\t\t\t\t<div class=\"elementor-element elementor-element-71d4d8fe elementor-widget__width-auto elementor-widget-tablet__width-auto elementor-widget-mobile__width-auto elementor-widget elementor-widget-heading\" data-id=\"71d4d8fe\" data-element_type=\"widget\" data-e-type=\"widget\" data-widget_type=\"heading.default\">\n\t\t\t\t<div class=\"elementor-widget-container\">\n\t\t\t\t\t<h3 class=\"elementor-heading-title elementor-size-default\">Content of the event<\/h3>\t\t\t\t<\/div>\n\t\t\t\t<\/div>\n\t\t\t\t<\/div>\n\t\t\t\t<div class=\"elementor-element elementor-element-5b5d97b0 elementor-widget__width-initial elementor-widget-tablet__width-initial elementor-widget-mobile__width-initial elementor-widget elementor-widget-text-editor\" data-id=\"5b5d97b0\" data-element_type=\"widget\" data-e-type=\"widget\" data-widget_type=\"text-editor.default\">\n\t\t\t\t<div class=\"elementor-widget-container\">\n\t\t\t\t\t\t\t\t\t<p>Find out why wind energy projects in woodland so often run into difficulties, despite being eligible for planning permission, and how conflicts, opposition and legal risks can be defused at an early stage through professional communication, public engagement and the structuring of the planning process.<\/p><p>\u00a0<\/p><p>Wind energy projects in forests are often the subject of particular public scrutiny.\u00a0<strong>Heated debates surrounding nature conservation, biodiversity and the use of woodland areas<\/strong>\u00a0often lead to\u00a0<strong>Resistance, political tensions and legal disputes<\/strong>, even in the case of projects eligible for planning permission. Few places evoke such strong emotional associations as the German forest: it symbolises home, a connection to nature and the need for protection. The success of a project is increasingly determined not solely by the planning permission process, but by the\u00a0<strong>Dealing with participation, communication and conflict dynamics<\/strong>.<\/p><p>\u00a0<\/p><p>This webinar therefore examines both the\u00a0<strong>both the practical and the legal perspectives<\/strong>\u00a0on acceptance processes for wind energy projects in forests.\u00a0<\/p><p>You will learn about the dynamics that arise during critical project phases, and how\u00a0<strong>Communication and Participation<\/strong>\u00a0can be designed professionally and what role\u00a0<strong>Procedural management, local politics and the legal framework<\/strong>\u00a0play a part in this.<\/p><p>\u00a0<\/p><p><strong>What you\u2019ll take away from this:<\/strong><\/p><ul><li><p>Understanding the psychological and cultural roots of opposition to wind projects in forests<\/p><\/li><li><p>Specific strategies for public engagement and challenging communication situations<\/p><\/li><li><p>Knowledge of the typical legal points of contention in proceedings and legal actions<\/p><\/li><li>Confidence in dealing with political pressure, citizens\u2019 initiatives and conflicting objectives<\/li><\/ul><p><strong>Benefit from specific practical examples and legal analyses of typical areas of conflict and points of contention in proceedings.<\/strong><\/p>\t\t\t\t\t\t\t\t<\/div>\n\t\t\t\t<\/div>\n\t\t\t\t<\/div>\n\t\t\t\t<\/div>\n\t\t<div class=\"elementor-element elementor-element-3d76c4e5 e-con-full e-flex e-con e-parent\" data-id=\"3d76c4e5\" data-element_type=\"container\" data-e-type=\"container\" data-settings=\"{&quot;background_background&quot;:&quot;classic&quot;}\">\n\t\t<div class=\"elementor-element elementor-element-74ec2a3b e-con-full e-flex e-con e-child\" data-id=\"74ec2a3b\" data-element_type=\"container\" data-e-type=\"container\">\n\t\t\t\t<div class=\"elementor-element elementor-element-4cc0a43 elementor-widget__width-inherit elementor-widget-tablet__width-inherit elementor-widget elementor-widget-heading\" data-id=\"4cc0a43\" data-element_type=\"widget\" data-e-type=\"widget\" data-widget_type=\"heading.default\">\n\t\t\t\t<div class=\"elementor-widget-container\">\n\t\t\t\t\t<h2 class=\"elementor-heading-title elementor-size-default\">The brains behind the event.<\/h2>\t\t\t\t<\/div>\n\t\t\t\t<\/div>\n\t\t<div class=\"elementor-element elementor-element-6558a609 e-con-full e-flex e-con e-child\" data-id=\"6558a609\" data-element_type=\"container\" data-e-type=\"container\">\n\t\t<div class=\"elementor-element elementor-element-2c9272ae e-con-full e-flex e-con e-child\" data-id=\"2c9272ae\" data-element_type=\"container\" data-e-type=\"container\">\n\t\t\t\t<div class=\"elementor-element elementor-element-38ab65c2 elementor-widget__width-initial elementor-widget-tablet_extra__width-initial elementor-widget elementor-widget-image\" data-id=\"38ab65c2\" data-element_type=\"widget\" data-e-type=\"widget\" data-widget_type=\"image.default\">\n\t\t\t\t<div class=\"elementor-widget-container\">\n\t\t\t\t\t\t\t\t\t\t\t\t\t\t\t\t<a href=\"https:\/\/dombert.de\/en\/person\/judith-affeldt\/\">\n\t\t\t\t\t\t\t<img fetchpriority=\"high\" decoding=\"async\" width=\"300\" height=\"300\" src=\"https:\/\/dombert.de\/wp-content\/uploads\/2025\/01\/janko-gessner-dombert-rechtsanwaelte-300x300.jpg\" class=\"elementor-animation-grow attachment-medium size-medium wp-image-1235\" alt=\"Specialist lawyer for administrative law Janko Gessner in the law firm DOMBERT Rechtsanwaelte\" srcset=\"https:\/\/dombert.de\/wp-content\/uploads\/2025\/01\/janko-gessner-dombert-rechtsanwaelte-300x300.jpg 300w, https:\/\/dombert.de\/wp-content\/uploads\/2025\/01\/janko-gessner-dombert-rechtsanwaelte-150x150.jpg 150w, https:\/\/dombert.de\/wp-content\/uploads\/2025\/01\/janko-gessner-dombert-rechtsanwaelte.jpg 340w\" sizes=\"(max-width: 300px) 100vw, 300px\" \/>\t\t\t\t\t\t\t\t<\/a>\n\t\t\t\t\t\t\t\t\t\t\t\t\t\t\t<\/div>\n\t\t\t\t<\/div>\n\t\t\t\t<\/div>\n\t\t<div class=\"elementor-element elementor-element-15393276 e-con-full e-flex e-con e-child\" data-id=\"15393276\" data-element_type=\"container\" data-e-type=\"container\">\n\t\t\t\t<div class=\"elementor-element elementor-element-4685b57f elementor-widget__width-initial elementor-widget-tablet_extra__width-auto elementor-widget elementor-widget-text-editor\" data-id=\"4685b57f\" data-element_type=\"widget\" data-e-type=\"widget\" data-widget_type=\"text-editor.default\">\n\t\t\t\t<div class=\"elementor-widget-container\">\n\t\t\t\t\t\t\t\t\t<p class=\"Flietext1\"><strong><a href=\"https:\/\/dombert.de\/en\/person\/janko-gessner\/\" target=\"_blank\" rel=\"noopener\">Janko Ge\u00dfner<\/a>\u00a0<\/strong>is a specialised lawyer for administrative law and founding partner of DOMBERT Rechtsanw\u00e4lte.<\/p><p class=\"Flietext1\">He heads the practice group \u201ePublic Contracts and Procurement\u201d. He holds a lectureship on public procurement law at the Brandenburg University of Technology (BTU) Cottbus-Senftenberg.<\/p>\t\t\t\t\t\t\t\t<\/div>\n\t\t\t\t<\/div>\n\t\t<div class=\"elementor-element elementor-element-5b18e0d3 e-con-full e-flex e-con e-child\" data-id=\"5b18e0d3\" data-element_type=\"container\" data-e-type=\"container\">\n\t\t\t\t<div class=\"elementor-element elementor-element-4dc84404 elementor-widget__width-initial elementor-widget-divider--view-line elementor-widget elementor-widget-divider\" data-id=\"4dc84404\" data-element_type=\"widget\" data-e-type=\"widget\" data-widget_type=\"divider.default\">\n\t\t\t\t<div class=\"elementor-widget-container\">\n\t\t\t\t\t\t\t<div class=\"elementor-divider\">\n\t\t\t<span class=\"elementor-divider-separator\">\n\t\t\t\t\t\t<\/span>\n\t\t<\/div>\n\t\t\t\t\t\t<\/div>\n\t\t\t\t<\/div>\n\t\t\t\t<div class=\"elementor-element elementor-element-1d33b546 elementor-widget__width-inherit elementor-widget-tablet__width-inherit elementor-widget-mobile__width-initial elementor-widget elementor-widget-heading\" data-id=\"1d33b546\" data-element_type=\"widget\" data-e-type=\"widget\" data-widget_type=\"heading.default\">\n\t\t\t\t<div class=\"elementor-widget-container\">\n\t\t\t\t\t<h3 class=\"elementor-heading-title elementor-size-default\"><a href=\"https:\/\/dombert.de\/en\/person\/janko-gessner\/\" target=\"_blank\">Janko Ge\u00dfner<\/a><\/h3>\t\t\t\t<\/div>\n\t\t\t\t<\/div>\n\t\t\t\t<\/div>\n\t\t\t\t<\/div>\n\t\t\t\t<\/div>\n\t\t\t\t<div class=\"elementor-element elementor-element-2189c912 elementor-widget-divider--view-line elementor-widget elementor-widget-divider\" data-id=\"2189c912\" data-element_type=\"widget\" data-e-type=\"widget\" data-widget_type=\"divider.default\">\n\t\t\t\t<div class=\"elementor-widget-container\">\n\t\t\t\t\t\t\t<div class=\"elementor-divider\">\n\t\t\t<span class=\"elementor-divider-separator\">\n\t\t\t\t\t\t<\/span>\n\t\t<\/div>\n\t\t\t\t\t\t<\/div>\n\t\t\t\t<\/div>\n\t\t\t\t<\/div>\n\t\t\t\t<\/div>\n\t\t<div class=\"elementor-element elementor-element-7cd8194b e-con-full e-flex e-con e-parent\" data-id=\"7cd8194b\" data-element_type=\"container\" data-e-type=\"container\" data-settings=\"{&quot;background_background&quot;:&quot;classic&quot;}\">\n\t\t<div class=\"elementor-element elementor-element-510ad0d4 e-con-full e-flex e-con e-child\" data-id=\"510ad0d4\" data-element_type=\"container\" data-e-type=\"container\">\n\t\t\t\t<div class=\"elementor-element elementor-element-4088bd02 elementor-widget__width-initial elementor-widget elementor-widget-heading\" data-id=\"4088bd02\" data-element_type=\"widget\" data-e-type=\"widget\" data-widget_type=\"heading.default\">\n\t\t\t\t<div class=\"elementor-widget-container\">\n\t\t\t\t\t<h2 class=\"elementor-heading-title elementor-size-default\"><b>DOMBERT<\/b> Rechtsanw\u00e4lte <\/h2>\t\t\t\t<\/div>\n\t\t\t\t<\/div>\n\t\t<div class=\"elementor-element elementor-element-4822e536 e-con-full e-flex e-con e-child\" data-id=\"4822e536\" data-element_type=\"container\" data-e-type=\"container\">\n\t\t\t\t<div class=\"elementor-element elementor-element-1febbdf1 elementor-widget__width-initial elementor-widget-divider--view-line elementor-widget elementor-widget-divider\" data-id=\"1febbdf1\" data-element_type=\"widget\" data-e-type=\"widget\" data-widget_type=\"divider.default\">\n\t\t\t\t<div class=\"elementor-widget-container\">\n\t\t\t\t\t\t\t<div class=\"elementor-divider\">\n\t\t\t<span class=\"elementor-divider-separator\">\n\t\t\t\t\t\t<\/span>\n\t\t<\/div>\n\t\t\t\t\t\t<\/div>\n\t\t\t\t<\/div>\n\t\t\t\t<div class=\"elementor-element elementor-element-30b50061 elementor-widget__width-auto elementor-widget-tablet_extra__width-initial elementor-widget-tablet__width-initial elementor-widget-mobile_extra__width-initial elementor-widget-mobile__width-initial elementor-widget elementor-widget-heading\" data-id=\"30b50061\" data-element_type=\"widget\" data-e-type=\"widget\" data-widget_type=\"heading.default\">\n\t\t\t\t<div class=\"elementor-widget-container\">\n\t\t\t\t\t<h3 class=\"elementor-heading-title elementor-size-default\">Our work covers all legal issues and conflicts in which the state, municipalities or authorities are involved.<\/h3>\t\t\t\t<\/div>\n\t\t\t\t<\/div>\n\t\t\t\t<\/div>\n\t\t<div class=\"elementor-element elementor-element-771ad8d1 e-con-full e-flex e-con e-child\" data-id=\"771ad8d1\" data-element_type=\"container\" data-e-type=\"container\">\n\t\t\t\t<div class=\"elementor-element elementor-element-358d6bd0 elementor-widget elementor-widget-button\" data-id=\"358d6bd0\" data-element_type=\"widget\" data-e-type=\"widget\" data-widget_type=\"button.default\">\n\t\t\t\t<div class=\"elementor-widget-container\">\n\t\t\t\t\t\t\t\t\t<div class=\"elementor-button-wrapper\">\n\t\t\t\t\t<a class=\"elementor-button elementor-button-link elementor-size-sm\" href=\"https:\/\/dombert.de\/en\/law-firm\/\">\n\t\t\t\t\t\t<span class=\"elementor-button-content-wrapper\">\n\t\t\t\t\t\t\t\t\t<span class=\"elementor-button-text\">More about our firm<\/span>\n\t\t\t\t\t<\/span>\n\t\t\t\t\t<\/a>\n\t\t\t\t<\/div>\n\t\t\t\t\t\t\t\t<\/div>\n\t\t\t\t<\/div>\n\t\t\t\t<div class=\"elementor-element elementor-element-3e5c4c65 elementor-widget elementor-widget-button\" data-id=\"3e5c4c65\" data-element_type=\"widget\" data-e-type=\"widget\" data-widget_type=\"button.default\">\n\t\t\t\t<div class=\"elementor-widget-container\">\n\t\t\t\t\t\t\t\t\t<div class=\"elementor-button-wrapper\">\n\t\t\t\t\t<a class=\"elementor-button elementor-button-link elementor-size-sm\" href=\"https:\/\/dombert.de\/en\/#kompetenzen\">\n\t\t\t\t\t\t<span class=\"elementor-button-content-wrapper\">\n\t\t\t\t\t\t\t\t\t<span class=\"elementor-button-text\">More about our expertise<\/span>\n\t\t\t\t\t<\/span>\n\t\t\t\t\t<\/a>\n\t\t\t\t<\/div>\n\t\t\t\t\t\t\t\t<\/div>\n\t\t\t\t<\/div>\n\t\t\t\t<\/div>\n\t\t\t\t<\/div>\n\t\t\t\t<\/div>\n\t\t\t\t<\/div>","protected":false},"featured_media":8285,"template":"","meta":{"_acf_changed":false,"site-sidebar-layout":"no-sidebar","site-content-layout":"page-builder","ast-site-content-layout":"full-width-container","site-content-style":"default","site-sidebar-style":"default","ast-global-header-display":"","ast-banner-title-visibility":"","ast-main-header-display":"","ast-hfb-above-header-display":"","ast-hfb-below-header-display":"","ast-hfb-mobile-header-display":"","site-post-title":"","ast-breadcrumbs-content":"","ast-featured-img":"disabled","footer-sml-layout":"","ast-disable-related-posts":"","theme-transparent-header-meta":"","adv-header-id-meta":"","stick-header-meta":"","header-above-stick-meta":"","header-main-stick-meta":"","header-below-stick-meta":"","astra-migrate-meta-layouts":"set","ast-page-background-enabled":"default","ast-page-background-meta":{"desktop":{"background-color":"","background-image":"","background-repeat":"repeat","background-position":"center center","background-size":"auto","background-attachment":"scroll","background-type":"","background-media":"","overlay-type":"","overlay-color":"","overlay-opacity":"","overlay-gradient":""},"tablet":{"background-color":"","background-image":"","background-repeat":"repeat","background-position":"center center","background-size":"auto","background-attachment":"scroll","background-type":"","background-media":"","overlay-type":"","overlay-color":"","overlay-opacity":"","overlay-gradient":""},"mobile":{"background-color":"","background-image":"","background-repeat":"repeat","background-position":"center center","background-size":"auto","background-attachment":"scroll","background-type":"","background-media":"","overlay-type":"","overlay-color":"","overlay-opacity":"","overlay-gradient":""}},"ast-content-background-meta":{"desktop":{"background-color":"var(--ast-global-color-5)","background-image":"","background-repeat":"repeat","background-position":"center center","background-size":"auto","background-attachment":"scroll","background-type":"","background-media":"","overlay-type":"","overlay-color":"","overlay-opacity":"","overlay-gradient":""},"tablet":{"background-color":"var(--ast-global-color-5)","background-image":"","background-repeat":"repeat","background-position":"center center","background-size":"auto","background-attachment":"scroll","background-type":"","background-media":"","overlay-type":"","overlay-color":"","overlay-opacity":"","overlay-gradient":""},"mobile":{"background-color":"var(--ast-global-color-5)","background-image":"","background-repeat":"repeat","background-position":"center center","background-size":"auto","background-attachment":"scroll","background-type":"","background-media":"","overlay-type":"","overlay-color":"","overlay-opacity":"","overlay-gradient":""}}},"tags":[],"secondary-autor":[99],"kategorie-veranstaltung":[83],"class_list":["post-15773","veranstaltung","type-veranstaltung","status-publish","has-post-thumbnail","hentry","secondary-autor-janko-gessner","kategorie-veranstaltung-vortrag"],"acf":[],"yoast_head":"<!-- This site is optimized with the Yoast SEO plugin v28.3 - https:\/\/yoast.com\/product\/yoast-seo-wordpress\/ -->\n<title>Akzeptanz von Windenergie im Wald - DOMBERT Rechtsanw\u00e4lte<\/title>\n<meta name=\"robots\" content=\"index, follow, max-snippet:-1, max-image-preview:large, max-video-preview:-1\" \/>\n<link rel=\"canonical\" href=\"https:\/\/dombert.de\/en\/event\/acceptance-of-wind-energy-in-the-forest-2\/\" \/>\n<meta property=\"og:locale\" content=\"en_GB\" \/>\n<meta property=\"og:type\" content=\"article\" \/>\n<meta property=\"og:title\" content=\"Akzeptanz von Windenergie im Wald - DOMBERT Rechtsanw\u00e4lte\" \/>\n<meta property=\"og:description\" content=\"Zeit: 9:30 &#8211; 13:00 Uhr Referent: Rechtsanwalt Janko Ge\u00dfnerVeranstalter: c\/o Bundesverband WindEnergie e.V. Zur Anmeldung Zum Veranstalter Inhalt der Veranstaltung Erfahren Sie, warum Windenergieprojekte im Wald trotz Genehmigungsf\u00e4higkeit so h\u00e4ufig eskalieren und wie sich Konflikte, Widerst\u00e4nde und rechtliche Risiken durch professionelle Kommunikation, Beteiligung und Verfahrensgestaltung fr\u00fchzeitig entsch\u00e4rfen lassen. \u00a0 Windenergieprojekte im Wald stehen h\u00e4ufig unter [&hellip;]\" \/>\n<meta property=\"og:url\" content=\"https:\/\/dombert.de\/en\/event\/acceptance-of-wind-energy-in-the-forest-2\/\" \/>\n<meta property=\"og:site_name\" content=\"DOMBERT Rechtsanw\u00e4lte\" \/>\n<meta property=\"og:image\" content=\"https:\/\/dombert.de\/wp-content\/uploads\/2025\/03\/windenergieanlagen-dombert-rechtsanwaelte.jpg\" \/>\n\t<meta property=\"og:image:width\" content=\"650\" \/>\n\t<meta property=\"og:image:height\" content=\"450\" \/>\n\t<meta property=\"og:image:type\" content=\"image\/jpeg\" \/>\n<meta name=\"twitter:card\" content=\"summary_large_image\" \/>\n<meta name=\"twitter:label1\" content=\"Estimated reading time\" \/>\n\t<meta name=\"twitter:data1\" content=\"2 minutes\" \/>\n<script type=\"application\/ld+json\" class=\"yoast-schema-graph\">{\"@context\":\"https:\\\/\\\/schema.org\",\"@graph\":[{\"@type\":\"WebPage\",\"@id\":\"https:\\\/\\\/dombert.de\\\/veranstaltung\\\/akzeptanz-von-windenergie-im-wald-2\\\/\",\"url\":\"https:\\\/\\\/dombert.de\\\/veranstaltung\\\/akzeptanz-von-windenergie-im-wald-2\\\/\",\"name\":\"Akzeptanz von Windenergie im Wald - DOMBERT Rechtsanw\u00e4lte\",\"isPartOf\":{\"@id\":\"https:\\\/\\\/dombert.de\\\/#website\"},\"primaryImageOfPage\":{\"@id\":\"https:\\\/\\\/dombert.de\\\/veranstaltung\\\/akzeptanz-von-windenergie-im-wald-2\\\/#primaryimage\"},\"image\":{\"@id\":\"https:\\\/\\\/dombert.de\\\/veranstaltung\\\/akzeptanz-von-windenergie-im-wald-2\\\/#primaryimage\"},\"thumbnailUrl\":\"https:\\\/\\\/dombert.de\\\/wp-content\\\/uploads\\\/2025\\\/03\\\/windenergieanlagen-dombert-rechtsanwaelte.jpg\",\"datePublished\":\"2026-09-08T07:30:00+00:00\",\"breadcrumb\":{\"@id\":\"https:\\\/\\\/dombert.de\\\/veranstaltung\\\/akzeptanz-von-windenergie-im-wald-2\\\/#breadcrumb\"},\"inLanguage\":\"en-GB\",\"potentialAction\":[{\"@type\":\"ReadAction\",\"target\":[\"https:\\\/\\\/dombert.de\\\/veranstaltung\\\/akzeptanz-von-windenergie-im-wald-2\\\/\"]}]},{\"@type\":\"ImageObject\",\"inLanguage\":\"en-GB\",\"@id\":\"https:\\\/\\\/dombert.de\\\/veranstaltung\\\/akzeptanz-von-windenergie-im-wald-2\\\/#primaryimage\",\"url\":\"https:\\\/\\\/dombert.de\\\/wp-content\\\/uploads\\\/2025\\\/03\\\/windenergieanlagen-dombert-rechtsanwaelte.jpg\",\"contentUrl\":\"https:\\\/\\\/dombert.de\\\/wp-content\\\/uploads\\\/2025\\\/03\\\/windenergieanlagen-dombert-rechtsanwaelte.jpg\",\"width\":650,\"height\":450},{\"@type\":\"BreadcrumbList\",\"@id\":\"https:\\\/\\\/dombert.de\\\/veranstaltung\\\/akzeptanz-von-windenergie-im-wald-2\\\/#breadcrumb\",\"itemListElement\":[{\"@type\":\"ListItem\",\"position\":1,\"name\":\"Startseite\",\"item\":\"https:\\\/\\\/dombert.de\\\/\"},{\"@type\":\"ListItem\",\"position\":2,\"name\":\"Akzeptanz von Windenergie im Wald\"}]},{\"@type\":\"WebSite\",\"@id\":\"https:\\\/\\\/dombert.de\\\/#website\",\"url\":\"https:\\\/\\\/dombert.de\\\/\",\"name\":\"DOMBERT Rechtsanw\u00e4lte\",\"description\":\"Wir sind Ihr kompetenter Ansprechpartner f\u00fcr alle Fragen des \u00f6ffentlichen Rechts.\",\"publisher\":{\"@id\":\"https:\\\/\\\/dombert.de\\\/#organization\"},\"potentialAction\":[{\"@type\":\"SearchAction\",\"target\":{\"@type\":\"EntryPoint\",\"urlTemplate\":\"https:\\\/\\\/dombert.de\\\/?s={search_term_string}\"},\"query-input\":{\"@type\":\"PropertyValueSpecification\",\"valueRequired\":true,\"valueName\":\"search_term_string\"}}],\"inLanguage\":\"en-GB\"},{\"@type\":\"Organization\",\"@id\":\"https:\\\/\\\/dombert.de\\\/#organization\",\"name\":\"DOMBERT Rechtsanw\u00e4lte\",\"url\":\"https:\\\/\\\/dombert.de\\\/\",\"logo\":{\"@type\":\"ImageObject\",\"inLanguage\":\"en-GB\",\"@id\":\"https:\\\/\\\/dombert.de\\\/#\\\/schema\\\/logo\\\/image\\\/\",\"url\":\"https:\\\/\\\/dombert.de\\\/wp-content\\\/uploads\\\/2025\\\/02\\\/Dombert-Logo_negativ_rgb.png\",\"contentUrl\":\"https:\\\/\\\/dombert.de\\\/wp-content\\\/uploads\\\/2025\\\/02\\\/Dombert-Logo_negativ_rgb.png\",\"width\":459,\"height\":206,\"caption\":\"DOMBERT Rechtsanw\u00e4lte\"},\"image\":{\"@id\":\"https:\\\/\\\/dombert.de\\\/#\\\/schema\\\/logo\\\/image\\\/\"},\"sameAs\":[\"https:\\\/\\\/www.linkedin.com\\\/company\\\/dombert-rechtsanwaelte\\\/posts\\\/?feedView=all\"]}]}<\/script>\n<!-- \/ Yoast SEO plugin. -->","yoast_head_json":{"title":"Acceptance of wind energy in forests \u2013 DOMBERT Rechtsanw\u00e4lte","robots":{"index":"index","follow":"follow","max-snippet":"max-snippet:-1","max-image-preview":"max-image-preview:large","max-video-preview":"max-video-preview:-1"},"canonical":"https:\/\/dombert.de\/en\/event\/acceptance-of-wind-energy-in-the-forest-2\/","og_locale":"en_GB","og_type":"article","og_title":"Akzeptanz von Windenergie im Wald - DOMBERT Rechtsanw\u00e4lte","og_description":"Zeit: 9:30 &#8211; 13:00 Uhr Referent: Rechtsanwalt Janko Ge\u00dfnerVeranstalter: c\/o Bundesverband WindEnergie e.V. Zur Anmeldung Zum Veranstalter Inhalt der Veranstaltung Erfahren Sie, warum Windenergieprojekte im Wald trotz Genehmigungsf\u00e4higkeit so h\u00e4ufig eskalieren und wie sich Konflikte, Widerst\u00e4nde und rechtliche Risiken durch professionelle Kommunikation, Beteiligung und Verfahrensgestaltung fr\u00fchzeitig entsch\u00e4rfen lassen. \u00a0 Windenergieprojekte im Wald stehen h\u00e4ufig unter [&hellip;]","og_url":"https:\/\/dombert.de\/en\/event\/acceptance-of-wind-energy-in-the-forest-2\/","og_site_name":"DOMBERT Rechtsanw\u00e4lte","og_image":[{"width":650,"height":450,"url":"https:\/\/dombert.de\/wp-content\/uploads\/2025\/03\/windenergieanlagen-dombert-rechtsanwaelte.jpg","type":"image\/jpeg"}],"twitter_card":"summary_large_image","twitter_misc":{"Estimated reading time":"2 minutes"},"schema":{"@context":"https:\/\/schema.org","@graph":[{"@type":"WebPage","@id":"https:\/\/dombert.de\/veranstaltung\/akzeptanz-von-windenergie-im-wald-2\/","url":"https:\/\/dombert.de\/veranstaltung\/akzeptanz-von-windenergie-im-wald-2\/","name":"Acceptance of wind energy in forests \u2013 DOMBERT Rechtsanw\u00e4lte","isPartOf":{"@id":"https:\/\/dombert.de\/#website"},"primaryImageOfPage":{"@id":"https:\/\/dombert.de\/veranstaltung\/akzeptanz-von-windenergie-im-wald-2\/#primaryimage"},"image":{"@id":"https:\/\/dombert.de\/veranstaltung\/akzeptanz-von-windenergie-im-wald-2\/#primaryimage"},"thumbnailUrl":"https:\/\/dombert.de\/wp-content\/uploads\/2025\/03\/windenergieanlagen-dombert-rechtsanwaelte.jpg","datePublished":"2026-09-08T07:30:00+00:00","breadcrumb":{"@id":"https:\/\/dombert.de\/veranstaltung\/akzeptanz-von-windenergie-im-wald-2\/#breadcrumb"},"inLanguage":"en-GB","potentialAction":[{"@type":"ReadAction","target":["https:\/\/dombert.de\/veranstaltung\/akzeptanz-von-windenergie-im-wald-2\/"]}]},{"@type":"ImageObject","inLanguage":"en-GB","@id":"https:\/\/dombert.de\/veranstaltung\/akzeptanz-von-windenergie-im-wald-2\/#primaryimage","url":"https:\/\/dombert.de\/wp-content\/uploads\/2025\/03\/windenergieanlagen-dombert-rechtsanwaelte.jpg","contentUrl":"https:\/\/dombert.de\/wp-content\/uploads\/2025\/03\/windenergieanlagen-dombert-rechtsanwaelte.jpg","width":650,"height":450},{"@type":"BreadcrumbList","@id":"https:\/\/dombert.de\/veranstaltung\/akzeptanz-von-windenergie-im-wald-2\/#breadcrumb","itemListElement":[{"@type":"ListItem","position":1,"name":"Startseite","item":"https:\/\/dombert.de\/"},{"@type":"ListItem","position":2,"name":"Akzeptanz von Windenergie im Wald"}]},{"@type":"WebSite","@id":"https:\/\/dombert.de\/#website","url":"https:\/\/dombert.de\/","name":"DOMBERT Rechtsanw\u00e4lte","description":"We are your expert partner for all matters relating to public law.","publisher":{"@id":"https:\/\/dombert.de\/#organization"},"potentialAction":[{"@type":"SearchAction","target":{"@type":"EntryPoint","urlTemplate":"https:\/\/dombert.de\/?s={search_term_string}"},"query-input":{"@type":"PropertyValueSpecification","valueRequired":true,"valueName":"search_term_string"}}],"inLanguage":"en-GB"},{"@type":"Organization","@id":"https:\/\/dombert.de\/#organization","name":"DOMBERT Rechtsanw\u00e4lte","url":"https:\/\/dombert.de\/","logo":{"@type":"ImageObject","inLanguage":"en-GB","@id":"https:\/\/dombert.de\/#\/schema\/logo\/image\/","url":"https:\/\/dombert.de\/wp-content\/uploads\/2025\/02\/Dombert-Logo_negativ_rgb.png","contentUrl":"https:\/\/dombert.de\/wp-content\/uploads\/2025\/02\/Dombert-Logo_negativ_rgb.png","width":459,"height":206,"caption":"DOMBERT Rechtsanw\u00e4lte"},"image":{"@id":"https:\/\/dombert.de\/#\/schema\/logo\/image\/"},"sameAs":["https:\/\/www.linkedin.com\/company\/dombert-rechtsanwaelte\/posts\/?feedView=all"]}]}},"publishpress_future_action":{"enabled":true,"date":"2026-09-08 23:35:00","action":"change-status","newStatus":"trash","terms":[],"taxonomy":"post_tag","extraData":[]},"publishpress_future_workflow_manual_trigger":{"enabledWorkflows":[]},"_links":{"self":[{"href":"https:\/\/dombert.de\/en\/wp-json\/wp\/v2\/veranstaltung\/15773","targetHints":{"allow":["GET"]}}],"collection":[{"href":"https:\/\/dombert.de\/en\/wp-json\/wp\/v2\/veranstaltung"}],"about":[{"href":"https:\/\/dombert.de\/en\/wp-json\/wp\/v2\/types\/veranstaltung"}],"version-history":[{"count":17,"href":"https:\/\/dombert.de\/en\/wp-json\/wp\/v2\/veranstaltung\/15773\/revisions"}],"predecessor-version":[{"id":15799,"href":"https:\/\/dombert.de\/en\/wp-json\/wp\/v2\/veranstaltung\/15773\/revisions\/15799"}],"wp:featuredmedia":[{"embeddable":true,"href":"https:\/\/dombert.de\/en\/wp-json\/wp\/v2\/media\/8285"}],"wp:attachment":[{"href":"https:\/\/dombert.de\/en\/wp-json\/wp\/v2\/media?parent=15773"}],"wp:term":[{"taxonomy":"post_tag","embeddable":true,"href":"https:\/\/dombert.de\/en\/wp-json\/wp\/v2\/tags?post=15773"},{"taxonomy":"secondary-autor","embeddable":true,"href":"https:\/\/dombert.de\/en\/wp-json\/wp\/v2\/secondary-autor?post=15773"},{"taxonomy":"kategorie-veranstaltung","embeddable":true,"href":"https:\/\/dombert.de\/en\/wp-json\/wp\/v2\/kategorie-veranstaltung?post=15773"}],"curies":[{"name":"wp","href":"https:\/\/api.w.org\/{rel}","templated":true}]}}